{"id":83149,"date":"2024-09-30T17:31:31","date_gmt":"2024-09-30T15:31:31","guid":{"rendered":"https:\/\/www.marelle-bio.com\/?post_type=product&#038;p=83149"},"modified":"2026-02-13T11:16:12","modified_gmt":"2026-02-13T10:16:12","slug":"coffret-colla-marelle-hvid","status":"publish","type":"product","link":"https:\/\/www.marelle-bio.com\/fr\/produit\/coffret-colla-marelle-hvid\/","title":{"rendered":"Box cadeau Hvid x Marelle"},"content":{"rendered":"","protected":false},"excerpt":{"rendered":"<p><strong>Nouveau coffret Marelle x Hvid<\/strong><\/p>\n<p><span style=\"color: #2f4f4f;\">Nous nous sommes associ\u00e9s \u00e0\u00a0la marque belge pour b\u00e9b\u00e9s et enfants Hvid qui fabrique de magnifiques articles en laine m\u00e9rinos ultra-fine dans un atelier familial en Belgique. Leurs produits sont intemporels et incroyablement doux et qualitatifs. Un coup de coeur!<\/span><\/p>\n<p><span style=\"color: #2f4f4f;\">Vous trouverez dans notre nouveau coffret:<\/span><\/p>\n<ul>\n<li><strong>Un doudou Teddy Tokki<\/strong> en laine merinos ultra-douce qui absorbe l&#8217;odeur de votre b\u00e9b\u00e9 ou enfant pour lui procurer un sentiment de r\u00e9confort et de confiance. Vous pouvez placer le doudou sur le dessus de la t\u00eate de votre b\u00e9b\u00e9 pour le r\u00e9conforter et l&#8217;endormir. La laine m\u00e9rinos est respirante et sans danger pour les b\u00e9b\u00e9s. Chaque Teddy est produit en petite quantit\u00e9 et fini \u00e0 la main dans l&#8217;atelier Hvid en Belgique.<\/li>\n<\/ul>\n<p><em>Dimensions : 35 cm de haut &#8211; 28 cm de large. Mati\u00e8re : 100 % laine merinos italienne extra fine (oeko-tex). Rembourrage : 100 % laine m\u00e9rinos biologique.<\/em><\/p>\n<p><em>Enlever les taches de lait avec un chiffon humide. Il n&#8217;est pas n\u00e9cessaire de laver la laine m\u00e9rinos fr\u00e9quemment. Cette fibre est autonettoyante.Il suffit de l&#8217;a\u00e9rer \u00e0 l&#8217;ext\u00e9rieur. Sinon, lavez-la tr\u00e8s d\u00e9licatement \u00e0 la main avec de l&#8217;eau ti\u00e8de \u00e0 20\u00b0 max. Utiliser une lessive pour laine. Laver en machine uniquement sur un programme laine 20\u00b0, vitesse lente, \u00e0 vos risques et p\u00e9rils car nous ne pouvons garantir les r\u00e9glages des programmes individuels des machines \u00e0 laver.<\/em><\/p>\n<p><em>La laine m\u00e9rinos ne gratte pas et est antibact\u00e9rienne, elle est donc parfaite pour les enfants souffrant d&#8217;ecz\u00e9ma ou ayant une peau sensible. Fabriqu\u00e9 en Belgique.<\/em><\/p>\n<ul>\n<li><strong>Un Gel nettoyant tout doux 500ml<\/strong> &#8211; corps &amp; cheveux &#8211; Ce gel-cr\u00e8me certifi\u00e9 bio nettoie tout en douceur la peau fragile et les cheveux d\u00e9licats des b\u00e9b\u00e9s et des plus grands.<\/li>\n<li><strong>Une Cr\u00e8me hydratante d\u00e9licate 100ml <\/strong>&#8211; visage &amp; corps &#8211; Cette cr\u00e8me hydratante certifi\u00e9e bio \u00e0 la texture ultra fine nourrit, adoucit et prot\u00e8ge la peau d\u00e9licate des bestioles et des plus grands.<\/li>\n<\/ul>\n<p><span style=\"color: #2f4f4f;\">Un cadeau doux et raffin\u00e9 en \u00e9dition limit\u00e9e qui ravira les petits et leurs parents, emball\u00e9 dans un joli coffret en carton Kraft et dorure.<\/span><\/p>\n","protected":false},"featured_media":84743,"template":"","meta":[],"product_cat":[75],"bundle_layout":"","bundled_by":[],"bundled_items":[],"acf":[],"yoast_head":"<!-- This site is optimized with the Yoast SEO plugin v21.2 - https:\/\/yoast.com\/wordpress\/plugins\/seo\/ -->\n<title>Box cadeau Hvid x Marelle &#8226; Marelle<\/title>\n<meta name=\"description\" content=\"D\u00e9couvrez notre nouveau coffret en collaboration avec la marque belge Hvid, contenant un magnifique doudou en laine merinos\" \/>\n<meta name=\"robots\" content=\"index, follow, max-snippet:-1, max-image-preview:large, max-video-preview:-1\" \/>\n<link rel=\"canonical\" href=\"https:\/\/www.marelle-bio.com\/fr\/produit\/coffret-colla-marelle-hvid\/\" \/>\n<meta property=\"og:locale\" content=\"fr_FR\" \/>\n<meta property=\"og:type\" content=\"article\" \/>\n<meta property=\"og:title\" content=\"Box cadeau Hvid x Marelle &#8226; Marelle\" \/>\n<meta property=\"og:description\" content=\"D\u00e9couvrez notre nouveau coffret en collaboration avec la marque belge Hvid, contenant un magnifique doudou en laine merinos\" \/>\n<meta property=\"og:url\" content=\"https:\/\/www.marelle-bio.com\/fr\/produit\/coffret-colla-marelle-hvid\/\" \/>\n<meta property=\"og:site_name\" content=\"Marelle\" \/>\n<meta property=\"article:publisher\" content=\"https:\/\/www.facebook.com\/marellebio\/\" \/>\n<meta property=\"article:modified_time\" content=\"2026-02-13T10:16:12+00:00\" \/>\n<meta property=\"og:image\" content=\"https:\/\/www.marelle-bio.com\/wp-content\/uploads\/2024\/09\/marelle_soins_bio_bebes_et_enfants_3-1-1.jpg\" \/>\n\t<meta property=\"og:image:width\" content=\"996\" \/>\n\t<meta property=\"og:image:height\" content=\"996\" \/>\n\t<meta property=\"og:image:type\" content=\"image\/jpeg\" \/>\n<meta name=\"twitter:card\" content=\"summary_large_image\" \/>\n<script type=\"application\/ld+json\" class=\"yoast-schema-graph\">{\"@context\":\"https:\/\/schema.org\",\"@graph\":[{\"@type\":\"WebPage\",\"@id\":\"https:\/\/www.marelle-bio.com\/fr\/produit\/coffret-colla-marelle-hvid\/\",\"url\":\"https:\/\/www.marelle-bio.com\/fr\/produit\/coffret-colla-marelle-hvid\/\",\"name\":\"Box cadeau Hvid x Marelle &#8226; Marelle\",\"isPartOf\":{\"@id\":\"https:\/\/www.marelle-bio.com\/fr\/#website\"},\"datePublished\":\"2024-09-30T15:31:31+00:00\",\"dateModified\":\"2026-02-13T10:16:12+00:00\",\"description\":\"D\u00e9couvrez notre nouveau coffret en collaboration avec la marque belge Hvid, contenant un magnifique doudou en laine merinos\",\"breadcrumb\":{\"@id\":\"https:\/\/www.marelle-bio.com\/fr\/produit\/coffret-colla-marelle-hvid\/#breadcrumb\"},\"inLanguage\":\"fr-FR\",\"potentialAction\":[{\"@type\":\"ReadAction\",\"target\":[\"https:\/\/www.marelle-bio.com\/fr\/produit\/coffret-colla-marelle-hvid\/\"]}]},{\"@type\":\"BreadcrumbList\",\"@id\":\"https:\/\/www.marelle-bio.com\/fr\/produit\/coffret-colla-marelle-hvid\/#breadcrumb\",\"itemListElement\":[{\"@type\":\"ListItem\",\"position\":1,\"name\":\"Accueil\",\"item\":\"https:\/\/www.marelle-bio.com\/fr\/\"},{\"@type\":\"ListItem\",\"position\":2,\"name\":\"Boutique\",\"item\":\"https:\/\/www.marelle-bio.com\/fr\/marelle-soins-bio-e-shop\/\"},{\"@type\":\"ListItem\",\"position\":3,\"name\":\"Box cadeau Hvid x Marelle\"}]},{\"@type\":\"WebSite\",\"@id\":\"https:\/\/www.marelle-bio.com\/fr\/#website\",\"url\":\"https:\/\/www.marelle-bio.com\/fr\/\",\"name\":\"Marelle\",\"description\":\"Soins bio pour b\u00e9b\u00e9s et enfants\",\"publisher\":{\"@id\":\"https:\/\/www.marelle-bio.com\/fr\/#organization\"},\"potentialAction\":[{\"@type\":\"SearchAction\",\"target\":{\"@type\":\"EntryPoint\",\"urlTemplate\":\"https:\/\/www.marelle-bio.com\/fr\/?s={search_term_string}\"},\"query-input\":\"required name=search_term_string\"}],\"inLanguage\":\"fr-FR\"},{\"@type\":\"Organization\",\"@id\":\"https:\/\/www.marelle-bio.com\/fr\/#organization\",\"name\":\"Marelle\",\"url\":\"https:\/\/www.marelle-bio.com\/fr\/\",\"logo\":{\"@type\":\"ImageObject\",\"inLanguage\":\"fr-FR\",\"@id\":\"https:\/\/www.marelle-bio.com\/fr\/#\/schema\/logo\/image\/\",\"url\":\"https:\/\/www.marelle-bio.com\/wp-content\/uploads\/2019\/10\/logo.png\",\"contentUrl\":\"https:\/\/www.marelle-bio.com\/wp-content\/uploads\/2019\/10\/logo.png\",\"width\":608,\"height\":295,\"caption\":\"Marelle\"},\"image\":{\"@id\":\"https:\/\/www.marelle-bio.com\/fr\/#\/schema\/logo\/image\/\"},\"sameAs\":[\"https:\/\/www.facebook.com\/marellebio\/\",\"https:\/\/www.instagram.com\/marelle_bio\/\"]}]}<\/script>\n<!-- \/ Yoast SEO plugin. -->","yoast_head_json":{"title":"Box cadeau Hvid x Marelle &#8226; Marelle","description":"D\u00e9couvrez notre nouveau coffret en collaboration avec la marque belge Hvid, contenant un magnifique doudou en laine merinos","robots":{"index":"index","follow":"follow","max-snippet":"max-snippet:-1","max-image-preview":"max-image-preview:large","max-video-preview":"max-video-preview:-1"},"canonical":"https:\/\/www.marelle-bio.com\/fr\/produit\/coffret-colla-marelle-hvid\/","og_locale":"fr_FR","og_type":"article","og_title":"Box cadeau Hvid x Marelle &#8226; Marelle","og_description":"D\u00e9couvrez notre nouveau coffret en collaboration avec la marque belge Hvid, contenant un magnifique doudou en laine merinos","og_url":"https:\/\/www.marelle-bio.com\/fr\/produit\/coffret-colla-marelle-hvid\/","og_site_name":"Marelle","article_publisher":"https:\/\/www.facebook.com\/marellebio\/","article_modified_time":"2026-02-13T10:16:12+00:00","og_image":[{"width":996,"height":996,"url":"https:\/\/www.marelle-bio.com\/wp-content\/uploads\/2024\/09\/marelle_soins_bio_bebes_et_enfants_3-1-1.jpg","type":"image\/jpeg"}],"twitter_card":"summary_large_image","schema":{"@context":"https:\/\/schema.org","@graph":[{"@type":"WebPage","@id":"https:\/\/www.marelle-bio.com\/fr\/produit\/coffret-colla-marelle-hvid\/","url":"https:\/\/www.marelle-bio.com\/fr\/produit\/coffret-colla-marelle-hvid\/","name":"Box cadeau Hvid x Marelle &#8226; Marelle","isPartOf":{"@id":"https:\/\/www.marelle-bio.com\/fr\/#website"},"datePublished":"2024-09-30T15:31:31+00:00","dateModified":"2026-02-13T10:16:12+00:00","description":"D\u00e9couvrez notre nouveau coffret en collaboration avec la marque belge Hvid, contenant un magnifique doudou en laine merinos","breadcrumb":{"@id":"https:\/\/www.marelle-bio.com\/fr\/produit\/coffret-colla-marelle-hvid\/#breadcrumb"},"inLanguage":"fr-FR","potentialAction":[{"@type":"ReadAction","target":["https:\/\/www.marelle-bio.com\/fr\/produit\/coffret-colla-marelle-hvid\/"]}]},{"@type":"BreadcrumbList","@id":"https:\/\/www.marelle-bio.com\/fr\/produit\/coffret-colla-marelle-hvid\/#breadcrumb","itemListElement":[{"@type":"ListItem","position":1,"name":"Accueil","item":"https:\/\/www.marelle-bio.com\/fr\/"},{"@type":"ListItem","position":2,"name":"Boutique","item":"https:\/\/www.marelle-bio.com\/fr\/marelle-soins-bio-e-shop\/"},{"@type":"ListItem","position":3,"name":"Box cadeau Hvid x Marelle"}]},{"@type":"WebSite","@id":"https:\/\/www.marelle-bio.com\/fr\/#website","url":"https:\/\/www.marelle-bio.com\/fr\/","name":"Marelle","description":"Soins bio pour b\u00e9b\u00e9s et enfants","publisher":{"@id":"https:\/\/www.marelle-bio.com\/fr\/#organization"},"potentialAction":[{"@type":"SearchAction","target":{"@type":"EntryPoint","urlTemplate":"https:\/\/www.marelle-bio.com\/fr\/?s={search_term_string}"},"query-input":"required name=search_term_string"}],"inLanguage":"fr-FR"},{"@type":"Organization","@id":"https:\/\/www.marelle-bio.com\/fr\/#organization","name":"Marelle","url":"https:\/\/www.marelle-bio.com\/fr\/","logo":{"@type":"ImageObject","inLanguage":"fr-FR","@id":"https:\/\/www.marelle-bio.com\/fr\/#\/schema\/logo\/image\/","url":"https:\/\/www.marelle-bio.com\/wp-content\/uploads\/2019\/10\/logo.png","contentUrl":"https:\/\/www.marelle-bio.com\/wp-content\/uploads\/2019\/10\/logo.png","width":608,"height":295,"caption":"Marelle"},"image":{"@id":"https:\/\/www.marelle-bio.com\/fr\/#\/schema\/logo\/image\/"},"sameAs":["https:\/\/www.facebook.com\/marellebio\/","https:\/\/www.instagram.com\/marelle_bio\/"]}]}},"_links":{"self":[{"href":"https:\/\/www.marelle-bio.com\/fr\/wp-json\/wp\/v2\/product\/83149"}],"collection":[{"href":"https:\/\/www.marelle-bio.com\/fr\/wp-json\/wp\/v2\/product"}],"about":[{"href":"https:\/\/www.marelle-bio.com\/fr\/wp-json\/wp\/v2\/types\/product"}],"wp:featuredmedia":[{"embeddable":true,"href":"https:\/\/www.marelle-bio.com\/fr\/wp-json\/wp\/v2\/media\/84743"}],"wp:attachment":[{"href":"https:\/\/www.marelle-bio.com\/fr\/wp-json\/wp\/v2\/media?parent=83149"}],"wp:term":[{"taxonomy":"product_cat","embeddable":true,"href":"https:\/\/www.marelle-bio.com\/fr\/wp-json\/wp\/v2\/product_cat?post=83149"}],"curies":[{"name":"wp","href":"https:\/\/api.w.org\/{rel}","templated":true}]}}