{"id":360,"date":"2019-09-26T17:08:39","date_gmt":"2019-09-26T15:08:39","guid":{"rendered":"http:\/\/www.marelle-bio.com\/?page_id=360"},"modified":"2023-09-25T16:36:45","modified_gmt":"2023-09-25T14:36:45","slug":"marelle-soins-bio-responsable","status":"publish","type":"page","link":"https:\/\/www.marelle-bio.com\/fr\/marelle-soins-bio-responsable\/","title":{"rendered":"Bio et responsable"},"content":{"rendered":"<section class=\"wrap pic right first-pic\">\n\n      <figure class=\"rellax\" style=\"background-image:url(https:\/\/www.marelle-bio.com\/wp-content\/uploads\/2019\/10\/marelle-soins-bio-bebes-et-enfants-suisse-1-534x800.jpg);\">\n      <img loading=\"lazy\" width=\"534\" height=\"800\" src=\"https:\/\/www.marelle-bio.com\/wp-content\/uploads\/2019\/10\/marelle-soins-bio-bebes-et-enfants-suisse-1-534x800.jpg\" class=\"attachment-medium size-medium\" alt=\"\" decoding=\"async\" srcset=\"https:\/\/www.marelle-bio.com\/wp-content\/uploads\/2019\/10\/marelle-soins-bio-bebes-et-enfants-suisse-1-534x800.jpg 534w, https:\/\/www.marelle-bio.com\/wp-content\/uploads\/2019\/10\/marelle-soins-bio-bebes-et-enfants-suisse-1-684x1024.jpg 684w, https:\/\/www.marelle-bio.com\/wp-content\/uploads\/2019\/10\/marelle-soins-bio-bebes-et-enfants-suisse-1-768x1151.jpg 768w, https:\/\/www.marelle-bio.com\/wp-content\/uploads\/2019\/10\/marelle-soins-bio-bebes-et-enfants-suisse-1-1025x1536.jpg 1025w, https:\/\/www.marelle-bio.com\/wp-content\/uploads\/2019\/10\/marelle-soins-bio-bebes-et-enfants-suisse-1-300x449.jpg 300w, https:\/\/www.marelle-bio.com\/wp-content\/uploads\/2019\/10\/marelle-soins-bio-bebes-et-enfants-suisse-1-600x899.jpg 600w, https:\/\/www.marelle-bio.com\/wp-content\/uploads\/2019\/10\/marelle-soins-bio-bebes-et-enfants-suisse-1.jpg 1367w\" sizes=\"(max-width: 534px) 100vw, 534px\" \/>    <\/figure>\n    \n  <div class=\"text\">\n    <h2>Bio et responsable<\/h2>\n<p>Marelle s&#8217;engage \u00e0 prendre soin au quotidien de la peau des b\u00e9b\u00e9s, des enfants et de la famille tout en prot\u00e9geant l&#8217;environnement.<\/p>\n<p>Chaque produit Marelle est certifi\u00e9 par 3 labels:<\/p>\n<ol>\n<li><strong>COSMOS ORGANIC<\/strong> (Cosmetic Organic Standard) qui repr\u00e9sente aujourd\u2019hui la norme la plus exigeante en Europe en mati\u00e8re de cosm\u00e9tiques biologiques. Elle garantit aux consommateurs que les produits sont de v\u00e9ritables cosm\u00e9tiques biologiques ou naturels fabriqu\u00e9s selon les pratiques de durabilit\u00e9 les plus exigeantes possibles.<\/li>\n<li><strong>ECOCERT<\/strong> qui garantit au minimum 95% d&#8217;ingr\u00e9dients v\u00e9g\u00e9taux issus de l&#8217;agriculture biologique et interdit les produits toxiques et non respectueux de l&#8217;environnement.<\/li>\n<li><strong>COSMEBIO<\/strong> qui est accord\u00e9 par une association professionnelle de la cosm\u00e9tique naturelle, \u00e9cologique et biologique garantissant au minimum 95% d&#8217;ingr\u00e9dients d&#8217;origine naturelle et au minimum 95% des ingr\u00e9dients v\u00e9g\u00e9taux issus de l&#8217;Agriculture Biologique.<\/li>\n<\/ol>\n<p>&nbsp;<\/p>\n  <\/div>\n\n<\/section>\n\n\n<section class=\"wrap pic first-pic\">\n\n      <figure class=\"rellax\" style=\"background-image:url(https:\/\/www.marelle-bio.com\/wp-content\/uploads\/2022\/05\/Marelle-soins-bio-b\u00e9b\u00e9s-et-enfants-48-533x800.jpg);\">\n      <img loading=\"lazy\" width=\"533\" height=\"800\" src=\"https:\/\/www.marelle-bio.com\/wp-content\/uploads\/2022\/05\/Marelle-soins-bio-b\u00e9b\u00e9s-et-enfants-48-533x800.jpg\" class=\"attachment-medium size-medium\" alt=\"Marelle soins bio pour b\u00e9b\u00e9s et enfants coffret\" decoding=\"async\" srcset=\"https:\/\/www.marelle-bio.com\/wp-content\/uploads\/2022\/05\/Marelle-soins-bio-b\u00e9b\u00e9s-et-enfants-48-533x800.jpg 533w, https:\/\/www.marelle-bio.com\/wp-content\/uploads\/2022\/05\/Marelle-soins-bio-b\u00e9b\u00e9s-et-enfants-48-683x1024.jpg 683w, https:\/\/www.marelle-bio.com\/wp-content\/uploads\/2022\/05\/Marelle-soins-bio-b\u00e9b\u00e9s-et-enfants-48-768x1152.jpg 768w, https:\/\/www.marelle-bio.com\/wp-content\/uploads\/2022\/05\/Marelle-soins-bio-b\u00e9b\u00e9s-et-enfants-48-1024x1536.jpg 1024w, https:\/\/www.marelle-bio.com\/wp-content\/uploads\/2022\/05\/Marelle-soins-bio-b\u00e9b\u00e9s-et-enfants-48-scaled.jpg 1365w, https:\/\/www.marelle-bio.com\/wp-content\/uploads\/2022\/05\/Marelle-soins-bio-b\u00e9b\u00e9s-et-enfants-48-2000x3000.jpg 2000w, https:\/\/www.marelle-bio.com\/wp-content\/uploads\/2022\/05\/Marelle-soins-bio-b\u00e9b\u00e9s-et-enfants-48-300x450.jpg 300w, https:\/\/www.marelle-bio.com\/wp-content\/uploads\/2022\/05\/Marelle-soins-bio-b\u00e9b\u00e9s-et-enfants-48-600x900.jpg 600w\" sizes=\"(max-width: 533px) 100vw, 533px\" \/>    <\/figure>\n    \n  <div class=\"text\">\n    <p>Gr\u00e2ce \u00e0 ces certifications, chaque produit Marelle a les propri\u00e9t\u00e9s suivantes:<\/p>\n<ul>\n<li>Entre 100% et 99% d\u2019ingr\u00e9dients d\u2019origine naturelle.*<\/li>\n<li>Des formules enti\u00e8rement bio-d\u00e9gradables contenant des ingr\u00e9dients issus de ressources renouvelables qui respectent la peau, la sant\u00e9 et l\u2019environnement.<\/li>\n<li>Des emballages recyclables qui respectent notre plan\u00e8te.<\/li>\n<li>Non test\u00e9s sur les animaux, conform\u00e9ment \u00e0 la l\u00e9gislation europ\u00e9enne.<\/li>\n<li>Sans ingr\u00e9dients toxiques: sans parab\u00e8ne, sans colorant, sans phenoxy\u00e9thanol, sans sulfate, sans silicone.<\/li>\n<\/ul>\n<p><em>* L&#8217;ingr\u00e9dient correspondant au 1% d&#8217;origine non naturelle est un conservateur utilis\u00e9 pour les eaux florales. Il est bien entendu certifi\u00e9 Cosmos Organic donc tout \u00e0 fait sain et non toxique.<\/em><\/p>\n  <\/div>\n\n<\/section>\n\n\n\n  <section class=\"wrap pic small\">\n\n    <img decoding=\"async\" src=\"https:\/\/www.marelle-bio.com\/wp-content\/uploads\/2019\/10\/cosmos-organic-2.png\" \/>\n    <div class=\"text\">\n      <h2><\/h2>\n      <p><p>Le label COSMOS ORGANIC est une nouvelle norme europ\u00e9enne en cosm\u00e9tiques bio qui a vu le jour au 1er janvier 2017. Son objectif est d\u2019harmoniser l\u2019ensemble des labels bio en Europe. Il repr\u00e9sente aujourd\u2019hui le label le plus exigeant en imposant deux nouveaux crit\u00e8res:<\/p>\n<ol>\n<li>Une part d&#8217;ingr\u00e9dients biologiques plus importante: un minimum de 20% d&#8217;ingr\u00e9dients bio dans les produits non rinc\u00e9s (comme les cr\u00e8mes) au lieu de 10% selon la norme pr\u00e9c\u00e9dente.<\/li>\n<li>L&#8217;utilisation exclusive d\u2019ingr\u00e9dients biod\u00e9gradables.<\/li>\n<\/ol>\n<p>&nbsp;<\/p>\n<p>Pour en savoir plus:\u00a0<a href=\"https:\/\/www.cosmos-standard.org\/?lang=fr\">https:\/\/www.cosmos-standard.org\/?lang=fr<\/a><\/p>\n<\/p>\n    <\/div>\n\n  <\/section>\n\n  \n  <section class=\"wrap pic small right\">\n\n    <img decoding=\"async\" src=\"https:\/\/www.marelle-bio.com\/wp-content\/uploads\/2019\/10\/ecocert-cosmos-organic-2.png\" \/>\n    <div class=\"text\">\n      <h2><\/h2>\n      <p><p>ECOCERT est un organisme de contr\u00f4le et de certification fran\u00e7ais, reconnu par l&#8217;Etat, qui \u00e9labore des normes pour les cosm\u00e9tiques naturels et bio. Il a \u00e9t\u00e9 fond\u00e9 en 1991 par des ing\u00e9nieurs agronomes et est devenu le leader de la certification en agriculture biologique en France. La composition, l\u2019emballage, la fabrication, le conditionnement, le stockage et la gestion de l\u2019\u00e9nergie et des d\u00e9chets sont contr\u00f4l\u00e9s par ECOCERT.<\/p>\n<p>Pour en savoir plus:<a href=\"https:\/\/www.ecocert.com\/fr\/\">https:\/\/www.ecocert.com\/fr\/<\/a><\/p>\n<\/p>\n    <\/div>\n\n  <\/section>\n\n  \n  <section class=\"wrap pic small\">\n\n    <img decoding=\"async\" src=\"https:\/\/www.marelle-bio.com\/wp-content\/uploads\/2019\/10\/cosmebio-cosmos-organic-2.png\" \/>\n    <div class=\"text\">\n      <h2><\/h2>\n      <p><p>COSMEBIO est la premi\u00e8re association professionnelle de cosm\u00e9tiques bio et \u00e9cologiques en France, elle aussi reconnue par l\u2019Etat. Elle a donn\u00e9 naissance \u00e0 une charte tr\u00e8s stricte et exigeante en mati\u00e8re de d\u00e9veloppement de produits issus de l\u2019agriculture biologique et de la chimie verte. Cette charte est d\u00e9pos\u00e9e aupr\u00e8s du minist\u00e8re de l\u2019Industrie et du Commerce fran\u00e7ais et chaque marque labellis\u00e9e doit la respecter scrupuleusement.<\/p>\n<p>Pour en savoir plus:<a href=\"https:\/\/www.cosmebio.org\/fr\/\">https:\/\/www.cosmebio.org\/fr\/<\/a><\/p>\n<\/p>\n    <\/div>\n\n  <\/section>\n\n  \n\n<section class=\"wrap pic right landscape first-pic\">\n\n      <figure class=\"rellax\" style=\"background-image:url(https:\/\/www.marelle-bio.com\/wp-content\/uploads\/2023\/09\/marelle-soins-bio-bebes-et-enfants-4-800x533.jpg);\">\n      <img loading=\"lazy\" width=\"800\" height=\"533\" src=\"https:\/\/www.marelle-bio.com\/wp-content\/uploads\/2023\/09\/marelle-soins-bio-bebes-et-enfants-4-800x533.jpg\" class=\"attachment-medium size-medium\" alt=\"Marelle soins bio pour b\u00e9b\u00e9s et enfants\" decoding=\"async\" srcset=\"https:\/\/www.marelle-bio.com\/wp-content\/uploads\/2023\/09\/marelle-soins-bio-bebes-et-enfants-4-800x533.jpg 800w, https:\/\/www.marelle-bio.com\/wp-content\/uploads\/2023\/09\/marelle-soins-bio-bebes-et-enfants-4-600x400.jpg 600w, https:\/\/www.marelle-bio.com\/wp-content\/uploads\/2023\/09\/marelle-soins-bio-bebes-et-enfants-4-1024x683.jpg 1024w, https:\/\/www.marelle-bio.com\/wp-content\/uploads\/2023\/09\/marelle-soins-bio-bebes-et-enfants-4-768x512.jpg 768w, https:\/\/www.marelle-bio.com\/wp-content\/uploads\/2023\/09\/marelle-soins-bio-bebes-et-enfants-4-1536x1024.jpg 1536w, https:\/\/www.marelle-bio.com\/wp-content\/uploads\/2023\/09\/marelle-soins-bio-bebes-et-enfants-4-scaled.jpg 2048w, https:\/\/www.marelle-bio.com\/wp-content\/uploads\/2023\/09\/marelle-soins-bio-bebes-et-enfants-4-2000x1333.jpg 2000w, https:\/\/www.marelle-bio.com\/wp-content\/uploads\/2023\/09\/marelle-soins-bio-bebes-et-enfants-4-300x200.jpg 300w\" sizes=\"(max-width: 800px) 100vw, 800px\" \/>    <\/figure>\n    \n  <div class=\"text\">\n    <h2>L&#8217;emballage<\/h2>\n<p>Les emballages Marelle sont tous recyclables et certifi\u00e9s par Ecocert.<\/p>\n<p>Ils ont un toucher \u00ab\u00a0peau de p\u00eache\u00a0\u00bb qui s&#8217;apparente \u00e0 la douceur d&#8217;une peau de b\u00e9b\u00e9.<\/p>\n<p>L&#8217;habillage graphique \u00e9pur\u00e9 \u00e9voque des formes organiques, v\u00e9g\u00e9tales, des gouttes d&#8217;eau en suspension.<\/p>\n<p>Les formats sont g\u00e9n\u00e9reux et les flacons int\u00e8grent des pompes pour une utilisation plus pratique.<\/p>\n<p><img decoding=\"async\" loading=\"lazy\" class=\"alignnone wp-image-1403\" src=\"https:\/\/www.marelle-bio.com\/wp-content\/uploads\/2019\/10\/emballage-marelle-cosmetique-bio-enfants.png\" alt=\"\" width=\"150\" height=\"60\" srcset=\"https:\/\/www.marelle-bio.com\/wp-content\/uploads\/2019\/10\/emballage-marelle-cosmetique-bio-enfants.png 250w, https:\/\/www.marelle-bio.com\/wp-content\/uploads\/2019\/10\/emballage-marelle-cosmetique-bio-enfants-248x100.png 248w\" sizes=\"(max-width: 150px) 100vw, 150px\" \/><\/p>\n<p>&nbsp;<\/p>\n  <\/div>\n\n<\/section>\n\n\n<section class=\"featured wrap white-green\">\n\n  <div class=\"featured-img\">\n    <img loading=\"lazy\" width=\"800\" height=\"585\" src=\"https:\/\/www.marelle-bio.com\/wp-content\/uploads\/2023\/03\/Marelle-gamme-1-2-e1677769575694-800x585.png\" class=\"attachment-medium size-medium\" alt=\"Marelle soins bio b\u00e9b\u00e9s et enfants gamme\" decoding=\"async\" srcset=\"https:\/\/www.marelle-bio.com\/wp-content\/uploads\/2023\/03\/Marelle-gamme-1-2-e1677769575694-800x585.png 800w, https:\/\/www.marelle-bio.com\/wp-content\/uploads\/2023\/03\/Marelle-gamme-1-2-e1677769575694-600x439.png 600w, https:\/\/www.marelle-bio.com\/wp-content\/uploads\/2023\/03\/Marelle-gamme-1-2-e1677769575694-1024x749.png 1024w, https:\/\/www.marelle-bio.com\/wp-content\/uploads\/2023\/03\/Marelle-gamme-1-2-e1677769575694-768x562.png 768w, https:\/\/www.marelle-bio.com\/wp-content\/uploads\/2023\/03\/Marelle-gamme-1-2-e1677769575694-300x219.png 300w, https:\/\/www.marelle-bio.com\/wp-content\/uploads\/2023\/03\/Marelle-gamme-1-2-e1677769575694.png 1105w\" sizes=\"(max-width: 800px) 100vw, 800px\" \/>  <\/div>\n\n  <div class=\"featured-content\">\n\n    <h2>\n      Notre e-shop    <\/h2>\n\n    <p class=\"left\">\n      D\u00e9couvrez la gamme Marelle. <br \/>\r\n<br \/>\r\nDes soins tout doux pour b\u00e9b\u00e9s et enfants, certifi\u00e9s bio et fabriqu\u00e9s en Suisse. Cr\u00e9\u00e9s par une maman en collaboration avec un laboratoire situ\u00e9 sur les hauteurs du lac L\u00e9man, les produits contiennent le meilleur de la nature.<br \/>\r\n<br \/>\r\nInspir\u00e9 par la beaut\u00e9 et la puret\u00e9 de la nature suisse.<br \/>\r\n    <\/p>\n\n    <a href=\"https:\/\/www.marelle-bio.com\/fr\/marelle-soins-bio-e-shop\/\" title=\"D\u00e9couvrir nos produits\" class=\"arrow\">\n      D\u00e9couvrir nos produits      <svg xmlns=\"http:\/\/www.w3.org\/2000\/svg\" viewBox=\"0 0 14.31 7.5\"><title>arrow<\/title><g id=\"Calque_2\" data-name=\"Calque 2\"><g id=\"Calque_1-2\" data-name=\"Calque 1\"><polygon points=\"10.53 0 9.83 0.71 12.4 3.25 0 3.25 0 4.25 12.37 4.25 9.83 6.79 10.54 7.5 14.31 3.73 10.53 0\"\/><\/g><\/g><\/svg>    <\/a>\n\n  <\/div>\n<\/section>\n\n\n<section id=\"usps\" class=\"green small\">\n\n        <div class=\"usp\">\n        <a href=\"https:\/\/www.marelle-bio.com\/fr\/marelle-soins-bio-bebes-et-enfants-ingredients\/\" title=\"Acc\u00e8s \u00e0 la page \u00e0 propos de les ingr\u00e9dients\">\n\n          <div class=\"usp-content\">\n            <?xml version=\"1.0\" encoding=\"utf-8\"?>\n<!-- Generator: Adobe Illustrator 21.0.2, SVG Export Plug-In . SVG Version: 6.00 Build 0)  -->\n<svg version=\"1.1\" id=\"Calque_1\" xmlns=\"http:\/\/www.w3.org\/2000\/svg\" xmlns:xlink=\"http:\/\/www.w3.org\/1999\/xlink\" x=\"0px\" y=\"0px\"\n\t viewBox=\"0 0 82 82\" style=\"enable-background:new 0 0 82 82;\" xml:space=\"preserve\">\n<path d=\"M41,82C18.4,82,0,63.6,0,41S18.4,0,41,0s41,18.4,41,41S63.6,82,41,82z M41,2C19.5,2,2,19.5,2,41c0,21.5,17.5,39,39,39\n\ts39-17.5,39-39c0-10.3-4.1-20.3-11.4-27.6C61.3,6.1,51.3,2,41,2z\"\/>\n<path id=\"Fill-1\" d=\"M26.6,56.4L26.6,56.4c-0.3,0.3-0.8,0.3-1.1,0l0,0c-0.3-0.3-0.3-0.8,0-1.2c0,0,0,0,0,0l6.2-6.3l0,0V41\n\tc0-0.5,0.4-0.8,0.8-0.8c0.5,0,0.8,0.4,0.8,0.8v6.2l4.9-4.9V37c0-0.5,0.4-0.8,0.8-0.8c0.5,0,0.8,0.4,0.8,0.8v3.8l0,0l4.9-4.9v-2.2\n\tc0-0.5,0.4-0.8,0.8-0.8s0.8,0.4,0.8,0.8c0,0,0,0,0,0v1.6h1.7c0.5,0,0.8,0.4,0.8,0.8s-0.4,0.8-0.8,0.8c0,0,0,0,0,0H46l-4.9,4.9h3.8\n\tc0.5,0,0.8,0.4,0.8,0.8s-0.4,0.8-0.8,0.8c0,0,0,0,0,0h-5.4l-4.5,4.9h6.2c0.5,0,0.8,0.4,0.8,0.8c0,0.5-0.4,0.8-0.8,0.8h-7.8\n\tL26.6,56.4z M58.6,23.2c-0.2-0.2-0.4-0.3-0.7-0.2c-1.1,0.1-27.7,3.2-33.7,16c-2,4.1-1.5,8.8,1.3,13.9l-1.2,1.2c-1,1-1,2.5,0,3.5\n\ts2.5,1,3.5,0l1.3-1.3c2.6,1.5,5.5,2.4,8.5,2.5c7.2,0,13.2-6.1,17.3-17.6c1.9-5.6,3.3-11.4,4-17.3C58.9,23.7,58.8,23.4,58.6,23.2z\"\/>\n<\/svg>\n          <\/div>\n\n          <h2>les ingr\u00e9dients<\/h2>\n\n        <\/a>\n      <\/div>\n            <div class=\"usp\">\n        <a href=\"https:\/\/www.marelle-bio.com\/fr\/swiss-made\/\" title=\"Acc\u00e8s \u00e0 la page \u00e0 propos de le swiss made\">\n\n          <div class=\"usp-content\">\n            <?xml version=\"1.0\" encoding=\"utf-8\"?>\n<!-- Generator: Adobe Illustrator 21.0.2, SVG Export Plug-In . SVG Version: 6.00 Build 0)  -->\n<svg version=\"1.1\" id=\"Calque_1\" xmlns=\"http:\/\/www.w3.org\/2000\/svg\" xmlns:xlink=\"http:\/\/www.w3.org\/1999\/xlink\" x=\"0px\" y=\"0px\"\n\t viewBox=\"0 0 82 82\" style=\"enable-background:new 0 0 82 82;\" xml:space=\"preserve\">\n<path d=\"M41,82C18.4,82,0,63.6,0,41S18.4,0,41,0l0,0c22.6,0,41,18.4,41,41S63.6,82,41,82z M41,2C19.5,2,2,19.5,2,41s17.5,39,39,39\n\tl0,0c21.5,0,39-17.5,39-39S62.5,2,41,2z\"\/>\n<polygon id=\"Path\" points=\"61,47.7 47.7,47.7 47.7,61 34.3,61 34.3,47.7 21,47.7 21,34.3 34.3,34.3 34.3,21 47.7,21 47.7,34.3 \n\t61,34.3 \"\/>\n<\/svg>\n          <\/div>\n\n          <h2>le swiss made<\/h2>\n\n        <\/a>\n      <\/div>\n            <div class=\"usp\">\n        <a href=\"https:\/\/www.marelle-bio.com\/fr\/marelle-soins-bio-marque\/\" title=\"Acc\u00e8s \u00e0 la page \u00e0 propos de l'histoire\">\n\n          <div class=\"usp-content\">\n            <?xml version=\"1.0\" encoding=\"utf-8\"?>\n<!-- Generator: Adobe Illustrator 21.0.2, SVG Export Plug-In . SVG Version: 6.00 Build 0)  -->\n<svg version=\"1.1\" id=\"Calque_1\" xmlns=\"http:\/\/www.w3.org\/2000\/svg\" xmlns:xlink=\"http:\/\/www.w3.org\/1999\/xlink\" x=\"0px\" y=\"0px\"\n\t viewBox=\"0 0 82 82\" style=\"enable-background:new 0 0 82 82;\" xml:space=\"preserve\">\n<path d=\"M50.2,25c-3.7,0.1-7.1,1.9-9.2,5c-2.1-3.1-5.6-4.9-9.3-5c-3.3,0.1-6.3,1.6-8.5,4c-2.2,2.4-3.3,5.5-3.2,8.8\n\tc0,10.7,16.1,23.3,19.4,25.7c0.9,0.7,2.2,0.7,3.2,0C43,63.1,62,49.4,62,37.8c0.1-3.2-1-6.4-3.2-8.8C56.6,26.6,53.5,25.1,50.2,25z\"\/>\n<path d=\"M70,12C54-4,28-4,12,12s-16,42,0,58s42,16,58,0c7.7-7.7,12-18.1,12-29C82,30.1,77.7,19.7,70,12z M41,80C19.5,80,2,62.5,2,41\n\tS19.5,2,41,2s39,17.5,39,39S62.5,80,41,80z\"\/>\n<\/svg>\n          <\/div>\n\n          <h2>l&#8217;histoire<\/h2>\n\n        <\/a>\n      <\/div>\n      \n<\/section>\n","protected":false},"excerpt":{"rendered":"","protected":false},"author":1,"featured_media":0,"parent":0,"menu_order":0,"comment_status":"closed","ping_status":"closed","template":"","meta":{"footnotes":""},"acf":[],"yoast_head":"<!-- This site is optimized with the Yoast SEO plugin v21.2 - https:\/\/yoast.com\/wordpress\/plugins\/seo\/ -->\n<title>Bio et responsable &#8226; Marelle<\/title>\n<meta name=\"description\" content=\"Marelle s&#039;engage \u00e0 prendre soin au quotidien de la peau des b\u00e9b\u00e9s, des enfants et de la famille. Certifications Cosmos Organic, Ecocert et Cosmebio.\" \/>\n<meta name=\"robots\" content=\"index, follow, max-snippet:-1, max-image-preview:large, max-video-preview:-1\" \/>\n<link rel=\"canonical\" href=\"https:\/\/www.marelle-bio.com\/fr\/marelle-soins-bio-responsable\/\" \/>\n<meta property=\"og:locale\" content=\"fr_FR\" \/>\n<meta property=\"og:type\" content=\"article\" \/>\n<meta property=\"og:title\" content=\"Bio et responsable &#8226; Marelle\" \/>\n<meta property=\"og:description\" content=\"Marelle s&#039;engage \u00e0 prendre soin au quotidien de la peau des b\u00e9b\u00e9s, des enfants et de la famille. Certifications Cosmos Organic, Ecocert et Cosmebio.\" \/>\n<meta property=\"og:url\" content=\"https:\/\/www.marelle-bio.com\/fr\/marelle-soins-bio-responsable\/\" \/>\n<meta property=\"og:site_name\" content=\"Marelle\" \/>\n<meta property=\"article:publisher\" content=\"https:\/\/www.facebook.com\/marellebio\/\" \/>\n<meta property=\"article:modified_time\" content=\"2023-09-25T14:36:45+00:00\" \/>\n<meta property=\"og:image\" content=\"https:\/\/www.marelle-bio.com\/wp-content\/uploads\/2022\/09\/Marelle-soins-bio-pour-bebes-et-enfants-11-1024x683.jpg\" \/>\n\t<meta property=\"og:image:width\" content=\"1024\" \/>\n\t<meta property=\"og:image:height\" content=\"683\" \/>\n\t<meta property=\"og:image:type\" content=\"image\/jpeg\" \/>\n<meta name=\"twitter:card\" content=\"summary_large_image\" \/>\n<script type=\"application\/ld+json\" class=\"yoast-schema-graph\">{\"@context\":\"https:\/\/schema.org\",\"@graph\":[{\"@type\":\"WebPage\",\"@id\":\"https:\/\/www.marelle-bio.com\/fr\/marelle-soins-bio-responsable\/\",\"url\":\"https:\/\/www.marelle-bio.com\/fr\/marelle-soins-bio-responsable\/\",\"name\":\"Bio et responsable &#8226; Marelle\",\"isPartOf\":{\"@id\":\"https:\/\/www.marelle-bio.com\/fr\/#website\"},\"datePublished\":\"2019-09-26T15:08:39+00:00\",\"dateModified\":\"2023-09-25T14:36:45+00:00\",\"description\":\"Marelle s'engage \u00e0 prendre soin au quotidien de la peau des b\u00e9b\u00e9s, des enfants et de la famille. Certifications Cosmos Organic, Ecocert et Cosmebio.\",\"breadcrumb\":{\"@id\":\"https:\/\/www.marelle-bio.com\/fr\/marelle-soins-bio-responsable\/#breadcrumb\"},\"inLanguage\":\"fr-FR\",\"potentialAction\":[{\"@type\":\"ReadAction\",\"target\":[\"https:\/\/www.marelle-bio.com\/fr\/marelle-soins-bio-responsable\/\"]}]},{\"@type\":\"BreadcrumbList\",\"@id\":\"https:\/\/www.marelle-bio.com\/fr\/marelle-soins-bio-responsable\/#breadcrumb\",\"itemListElement\":[{\"@type\":\"ListItem\",\"position\":1,\"name\":\"Accueil\",\"item\":\"https:\/\/www.marelle-bio.com\/fr\/\"},{\"@type\":\"ListItem\",\"position\":2,\"name\":\"Bio et responsable\"}]},{\"@type\":\"WebSite\",\"@id\":\"https:\/\/www.marelle-bio.com\/fr\/#website\",\"url\":\"https:\/\/www.marelle-bio.com\/fr\/\",\"name\":\"Marelle\",\"description\":\"Soins bio pour b\u00e9b\u00e9s et enfants\",\"publisher\":{\"@id\":\"https:\/\/www.marelle-bio.com\/fr\/#organization\"},\"potentialAction\":[{\"@type\":\"SearchAction\",\"target\":{\"@type\":\"EntryPoint\",\"urlTemplate\":\"https:\/\/www.marelle-bio.com\/fr\/?s={search_term_string}\"},\"query-input\":\"required name=search_term_string\"}],\"inLanguage\":\"fr-FR\"},{\"@type\":\"Organization\",\"@id\":\"https:\/\/www.marelle-bio.com\/fr\/#organization\",\"name\":\"Marelle\",\"url\":\"https:\/\/www.marelle-bio.com\/fr\/\",\"logo\":{\"@type\":\"ImageObject\",\"inLanguage\":\"fr-FR\",\"@id\":\"https:\/\/www.marelle-bio.com\/fr\/#\/schema\/logo\/image\/\",\"url\":\"https:\/\/www.marelle-bio.com\/wp-content\/uploads\/2019\/10\/logo.png\",\"contentUrl\":\"https:\/\/www.marelle-bio.com\/wp-content\/uploads\/2019\/10\/logo.png\",\"width\":608,\"height\":295,\"caption\":\"Marelle\"},\"image\":{\"@id\":\"https:\/\/www.marelle-bio.com\/fr\/#\/schema\/logo\/image\/\"},\"sameAs\":[\"https:\/\/www.facebook.com\/marellebio\/\",\"https:\/\/www.instagram.com\/marelle_bio\/\"]}]}<\/script>\n<!-- \/ Yoast SEO plugin. -->","yoast_head_json":{"title":"Bio et responsable &#8226; Marelle","description":"Marelle s'engage \u00e0 prendre soin au quotidien de la peau des b\u00e9b\u00e9s, des enfants et de la famille. Certifications Cosmos Organic, Ecocert et Cosmebio.","robots":{"index":"index","follow":"follow","max-snippet":"max-snippet:-1","max-image-preview":"max-image-preview:large","max-video-preview":"max-video-preview:-1"},"canonical":"https:\/\/www.marelle-bio.com\/fr\/marelle-soins-bio-responsable\/","og_locale":"fr_FR","og_type":"article","og_title":"Bio et responsable &#8226; Marelle","og_description":"Marelle s'engage \u00e0 prendre soin au quotidien de la peau des b\u00e9b\u00e9s, des enfants et de la famille. Certifications Cosmos Organic, Ecocert et Cosmebio.","og_url":"https:\/\/www.marelle-bio.com\/fr\/marelle-soins-bio-responsable\/","og_site_name":"Marelle","article_publisher":"https:\/\/www.facebook.com\/marellebio\/","article_modified_time":"2023-09-25T14:36:45+00:00","og_image":[{"width":1024,"height":683,"url":"https:\/\/www.marelle-bio.com\/wp-content\/uploads\/2022\/09\/Marelle-soins-bio-pour-bebes-et-enfants-11-1024x683.jpg","type":"image\/jpeg"}],"twitter_card":"summary_large_image","schema":{"@context":"https:\/\/schema.org","@graph":[{"@type":"WebPage","@id":"https:\/\/www.marelle-bio.com\/fr\/marelle-soins-bio-responsable\/","url":"https:\/\/www.marelle-bio.com\/fr\/marelle-soins-bio-responsable\/","name":"Bio et responsable &#8226; Marelle","isPartOf":{"@id":"https:\/\/www.marelle-bio.com\/fr\/#website"},"datePublished":"2019-09-26T15:08:39+00:00","dateModified":"2023-09-25T14:36:45+00:00","description":"Marelle s'engage \u00e0 prendre soin au quotidien de la peau des b\u00e9b\u00e9s, des enfants et de la famille. Certifications Cosmos Organic, Ecocert et Cosmebio.","breadcrumb":{"@id":"https:\/\/www.marelle-bio.com\/fr\/marelle-soins-bio-responsable\/#breadcrumb"},"inLanguage":"fr-FR","potentialAction":[{"@type":"ReadAction","target":["https:\/\/www.marelle-bio.com\/fr\/marelle-soins-bio-responsable\/"]}]},{"@type":"BreadcrumbList","@id":"https:\/\/www.marelle-bio.com\/fr\/marelle-soins-bio-responsable\/#breadcrumb","itemListElement":[{"@type":"ListItem","position":1,"name":"Accueil","item":"https:\/\/www.marelle-bio.com\/fr\/"},{"@type":"ListItem","position":2,"name":"Bio et responsable"}]},{"@type":"WebSite","@id":"https:\/\/www.marelle-bio.com\/fr\/#website","url":"https:\/\/www.marelle-bio.com\/fr\/","name":"Marelle","description":"Soins bio pour b\u00e9b\u00e9s et enfants","publisher":{"@id":"https:\/\/www.marelle-bio.com\/fr\/#organization"},"potentialAction":[{"@type":"SearchAction","target":{"@type":"EntryPoint","urlTemplate":"https:\/\/www.marelle-bio.com\/fr\/?s={search_term_string}"},"query-input":"required name=search_term_string"}],"inLanguage":"fr-FR"},{"@type":"Organization","@id":"https:\/\/www.marelle-bio.com\/fr\/#organization","name":"Marelle","url":"https:\/\/www.marelle-bio.com\/fr\/","logo":{"@type":"ImageObject","inLanguage":"fr-FR","@id":"https:\/\/www.marelle-bio.com\/fr\/#\/schema\/logo\/image\/","url":"https:\/\/www.marelle-bio.com\/wp-content\/uploads\/2019\/10\/logo.png","contentUrl":"https:\/\/www.marelle-bio.com\/wp-content\/uploads\/2019\/10\/logo.png","width":608,"height":295,"caption":"Marelle"},"image":{"@id":"https:\/\/www.marelle-bio.com\/fr\/#\/schema\/logo\/image\/"},"sameAs":["https:\/\/www.facebook.com\/marellebio\/","https:\/\/www.instagram.com\/marelle_bio\/"]}]}},"_links":{"self":[{"href":"https:\/\/www.marelle-bio.com\/fr\/wp-json\/wp\/v2\/pages\/360"}],"collection":[{"href":"https:\/\/www.marelle-bio.com\/fr\/wp-json\/wp\/v2\/pages"}],"about":[{"href":"https:\/\/www.marelle-bio.com\/fr\/wp-json\/wp\/v2\/types\/page"}],"author":[{"embeddable":true,"href":"https:\/\/www.marelle-bio.com\/fr\/wp-json\/wp\/v2\/users\/1"}],"replies":[{"embeddable":true,"href":"https:\/\/www.marelle-bio.com\/fr\/wp-json\/wp\/v2\/comments?post=360"}],"version-history":[{"count":372,"href":"https:\/\/www.marelle-bio.com\/fr\/wp-json\/wp\/v2\/pages\/360\/revisions"}],"predecessor-version":[{"id":80946,"href":"https:\/\/www.marelle-bio.com\/fr\/wp-json\/wp\/v2\/pages\/360\/revisions\/80946"}],"wp:attachment":[{"href":"https:\/\/www.marelle-bio.com\/fr\/wp-json\/wp\/v2\/media?parent=360"}],"curies":[{"name":"wp","href":"https:\/\/api.w.org\/{rel}","templated":true}]}}