{"id":81359,"date":"2019-10-29T11:41:01","date_gmt":"2019-10-29T10:41:01","guid":{"rendered":"https:\/\/www.marelle-bio.com\/marelle-organic-and-responsible\/"},"modified":"2023-10-17T16:17:22","modified_gmt":"2023-10-17T14:17:22","slug":"marelle-organisch-und-verantwortlich","status":"publish","type":"page","link":"https:\/\/www.marelle-bio.com\/de\/marelle-organisch-und-verantwortlich\/","title":{"rendered":"Bio und verantwortungsvoll"},"content":{"rendered":"<section class=\"wrap pic right first-pic\">\n\n      <figure class=\"rellax\" style=\"background-image:url(https:\/\/www.marelle-bio.com\/wp-content\/uploads\/2019\/10\/marelle-soins-bio-bebes-et-enfants-suisse-1-534x800.jpg);\">\n      <img loading=\"lazy\" width=\"534\" height=\"800\" src=\"https:\/\/www.marelle-bio.com\/wp-content\/uploads\/2019\/10\/marelle-soins-bio-bebes-et-enfants-suisse-1-534x800.jpg\" class=\"attachment-medium size-medium\" alt=\"\" decoding=\"async\" srcset=\"https:\/\/www.marelle-bio.com\/wp-content\/uploads\/2019\/10\/marelle-soins-bio-bebes-et-enfants-suisse-1-534x800.jpg 534w, https:\/\/www.marelle-bio.com\/wp-content\/uploads\/2019\/10\/marelle-soins-bio-bebes-et-enfants-suisse-1-684x1024.jpg 684w, https:\/\/www.marelle-bio.com\/wp-content\/uploads\/2019\/10\/marelle-soins-bio-bebes-et-enfants-suisse-1-768x1151.jpg 768w, https:\/\/www.marelle-bio.com\/wp-content\/uploads\/2019\/10\/marelle-soins-bio-bebes-et-enfants-suisse-1-1025x1536.jpg 1025w, https:\/\/www.marelle-bio.com\/wp-content\/uploads\/2019\/10\/marelle-soins-bio-bebes-et-enfants-suisse-1-300x449.jpg 300w, https:\/\/www.marelle-bio.com\/wp-content\/uploads\/2019\/10\/marelle-soins-bio-bebes-et-enfants-suisse-1-600x899.jpg 600w, https:\/\/www.marelle-bio.com\/wp-content\/uploads\/2019\/10\/marelle-soins-bio-bebes-et-enfants-suisse-1.jpg 1367w\" sizes=\"(max-width: 534px) 100vw, 534px\" \/>    <\/figure>\n    \n  <div class=\"text\">\n    <h2>Bio und verantwortungsvoll<\/h2>\n<p>Marelle engagiert sich f\u00fcr die Pflege der Haut von Babys und Kindern und f\u00fcr den Schutz der Umwelt.<\/p>\n<p>Jedes Marelle-Produkt ist durch 3 Zertifizierungen anerkannt:<\/p>\n<ol>\n<li><strong>COSMOS ORGANIC<\/strong> (Cosmetic Organic Standard), welches heute die anspruchsvollste Zertifizierung in Europa f\u00fcr Biokosmetik darstellt. Sie garantiert den Verbrauchern, dass es sich bei den Produkten um echte Bio-oder Naturkosmetik handelt, die nach den h\u00f6chstm\u00f6glichen Nachhaltigkeitspraktiken hergestellt wurde.<\/li>\n<li><strong>ECOCERT<\/strong>\u00a0welches einen Mindestanteil von 95 % an biologisch angebauten pflanzlichen Inhaltsstoffen garantiert und sowohl giftige als auch nicht umweltfreundliche Inhaltsstoffe verbietet.<\/li>\n<li><strong>COSMEBIO<\/strong> ist ein Berufsverband f\u00fcr Natur-, \u00d6ko- und Biokosmetik, der garantiert, dass mindestens 95 % der Inhaltsstoffe nat\u00fcrlichen Ursprungs und mindestens 95 % der pflanzlichen Inhaltsstoffe aus biologischem Anbau stammen.<\/li>\n<\/ol>\n<p>&nbsp;<\/p>\n  <\/div>\n\n<\/section>\n\n\n<section class=\"wrap pic first-pic\">\n\n      <figure class=\"rellax\" style=\"background-image:url(https:\/\/www.marelle-bio.com\/wp-content\/uploads\/2022\/05\/Marelle-soins-bio-b\u00e9b\u00e9s-et-enfants-48-533x800.jpg);\">\n      <img loading=\"lazy\" width=\"533\" height=\"800\" src=\"https:\/\/www.marelle-bio.com\/wp-content\/uploads\/2022\/05\/Marelle-soins-bio-b\u00e9b\u00e9s-et-enfants-48-533x800.jpg\" class=\"attachment-medium size-medium\" alt=\"Marelle soins bio pour b\u00e9b\u00e9s et enfants coffret\" decoding=\"async\" srcset=\"https:\/\/www.marelle-bio.com\/wp-content\/uploads\/2022\/05\/Marelle-soins-bio-b\u00e9b\u00e9s-et-enfants-48-533x800.jpg 533w, https:\/\/www.marelle-bio.com\/wp-content\/uploads\/2022\/05\/Marelle-soins-bio-b\u00e9b\u00e9s-et-enfants-48-683x1024.jpg 683w, https:\/\/www.marelle-bio.com\/wp-content\/uploads\/2022\/05\/Marelle-soins-bio-b\u00e9b\u00e9s-et-enfants-48-768x1152.jpg 768w, https:\/\/www.marelle-bio.com\/wp-content\/uploads\/2022\/05\/Marelle-soins-bio-b\u00e9b\u00e9s-et-enfants-48-1024x1536.jpg 1024w, https:\/\/www.marelle-bio.com\/wp-content\/uploads\/2022\/05\/Marelle-soins-bio-b\u00e9b\u00e9s-et-enfants-48-scaled.jpg 1365w, https:\/\/www.marelle-bio.com\/wp-content\/uploads\/2022\/05\/Marelle-soins-bio-b\u00e9b\u00e9s-et-enfants-48-2000x3000.jpg 2000w, https:\/\/www.marelle-bio.com\/wp-content\/uploads\/2022\/05\/Marelle-soins-bio-b\u00e9b\u00e9s-et-enfants-48-300x450.jpg 300w, https:\/\/www.marelle-bio.com\/wp-content\/uploads\/2022\/05\/Marelle-soins-bio-b\u00e9b\u00e9s-et-enfants-48-600x900.jpg 600w\" sizes=\"(max-width: 533px) 100vw, 533px\" \/>    <\/figure>\n    \n  <div class=\"text\">\n    <p>Dank dieser 3 Zertifizierungen verf\u00fcgen die Produkte von Marelle \u00fcber die folgenden Eigenschaften:<\/p>\n<ul>\n<li>Zwischen 100% und 99% der Inhaltsstoffe sind nat\u00fcrlichen Ursprungs.<\/li>\n<li>Vollst\u00e4ndig biologisch abbaubare Rezepturen mit Inhaltsstoffen aus nachwachsenden Rohstoffen, welche Haut, Gesundheit und Umwelt schonen.<\/li>\n<li>Wiederverwertbare Verpackungen, die unseren Planeten respektieren.<\/li>\n<li>In \u00dcbereinstimmung mit der europ\u00e4ischen Gesetzgebung nicht an Tieren getestet.<\/li>\n<li>Ohne giftige Inhaltsstoffe: kein Paraben, kein Farbstoff, kein Penoxyethanol, kein Sulfat, kein Silikon.<\/li>\n<\/ul>\n<p>* <em>Der Inhaltsstoff, der den 1% nicht nat\u00fcrlichen Ursprungs entspricht, ist ein Konservierungsmittel, das in den Blumenw\u00e4ssern verwendet wird. Es ist nat\u00fcrlich von Cosmos Organic als v\u00f6llig gesund und ungiftig zertifiziert.<\/em><\/p>\n  <\/div>\n\n<\/section>\n\n\n\n  <section class=\"wrap pic small\">\n\n    <img decoding=\"async\" src=\"https:\/\/www.marelle-bio.com\/wp-content\/uploads\/2019\/10\/cosmos-organic-2.png\" \/>\n    <div class=\"text\">\n      <h2><\/h2>\n      <p><p>Die COSMOS ORGANIC-Zertifizierung ist eine neue europ\u00e4ische Norm f\u00fcr Biokosmetik, die am 1. Januar 2017 eingef\u00fchrt wurde. Ihr Ziel ist es, alle derzeit bestehenden Bio-Zertifizierungen in Europa zu vereinheitlichen. Es stellt heute das anspruchsvollste Label dar, da es 2 neue Anforderungen stellt:<\/p>\n<ol>\n<li>Ein h\u00f6herer Anteil an Bio-Zutaten: mindestens 20 % Bio-Zutaten f\u00fcr nicht gereinigte Produkte (z. B. Cremes) anstelle von 10 % gem\u00e4\u00df den bisherigen Zertifizierungsanforderungen.<\/li>\n<li>Die ausschlie\u00dfliche Verwendung von biologisch abbaubaren Inhaltsstoffen.<\/li>\n<\/ol>\n<p>F\u00fcr weitere Informationen:\u00a0<a href=\"https:\/\/www.cosmos-standard.org\">https:\/\/www.cosmos-standard.org<\/a><\/p>\n<\/p>\n    <\/div>\n\n  <\/section>\n\n  \n  <section class=\"wrap pic small right\">\n\n    <img decoding=\"async\" src=\"https:\/\/www.marelle-bio.com\/wp-content\/uploads\/2019\/10\/ecocert-cosmos-organic-2.png\" \/>\n    <div class=\"text\">\n      <h2><\/h2>\n      <p><p>ECOCERT ist eine franz\u00f6sische, staatlich anerkannte Kontroll- und Zertifizierungsstelle, die Normen f\u00fcr Natur- und Biokosmetik formuliert. Sie wurde 1991 in Frankreich von Agraringenieuren gegr\u00fcndet und hat sich zur f\u00fchrenden Bio-Zertifizierungsorganisation in Frankreich entwickelt. ECOCERT kontrolliert die Herstellung der Produkte, die Verpackung, das Energie- und Abfallmanagement, den Transport und die Lagerung.<\/p>\n<p>F\u00fcr weitere Informationen:<a href=\"https:\/\/www.ecocert.com\/en\/home\">https:\/\/www.ecocert.com\/en\/home<\/a><\/p>\n<\/p>\n    <\/div>\n\n  <\/section>\n\n  \n  <section class=\"wrap pic small\">\n\n    <img decoding=\"async\" src=\"https:\/\/www.marelle-bio.com\/wp-content\/uploads\/2019\/10\/cosmebio-cosmos-organic-2.png\" \/>\n    <div class=\"text\">\n      <h2><\/h2>\n      <p><p>COSMEBIO ist Frankreichs f\u00fchrender Berufsverband f\u00fcr biologische und umweltfreundliche Kosmetik. Die Charta von Cosmebio legt sehr strenge Richtlinien f\u00fcr die Entwicklung von Produkten aus biologischem Anbau und gr\u00fcner Chemie fest. Diese Charta wurde beim franz\u00f6sischen Ministerium f\u00fcr Industrie und Handel registriert. Jede Marke, die das Cosmebio-Siegel f\u00fcr ihre Produkte verwenden m\u00f6chte, muss die Standards erf\u00fcllen.<\/p>\n<p>F\u00fcr weitere Informationen:<a href=\"https:\/\/www.cosmebio.org\/en\/\">https:\/\/www.cosmebio.org\/en\/<\/a><\/p>\n<\/p>\n    <\/div>\n\n  <\/section>\n\n  \n\n<section class=\"wrap pic right landscape first-pic\">\n\n      <figure class=\"rellax\" style=\"background-image:url(https:\/\/www.marelle-bio.com\/wp-content\/uploads\/2023\/09\/marelle-soins-bio-bebes-et-enfants-4-800x533.jpg);\">\n      <img loading=\"lazy\" width=\"800\" height=\"533\" src=\"https:\/\/www.marelle-bio.com\/wp-content\/uploads\/2023\/09\/marelle-soins-bio-bebes-et-enfants-4-800x533.jpg\" class=\"attachment-medium size-medium\" alt=\"Marelle soins bio pour b\u00e9b\u00e9s et enfants\" decoding=\"async\" srcset=\"https:\/\/www.marelle-bio.com\/wp-content\/uploads\/2023\/09\/marelle-soins-bio-bebes-et-enfants-4-800x533.jpg 800w, https:\/\/www.marelle-bio.com\/wp-content\/uploads\/2023\/09\/marelle-soins-bio-bebes-et-enfants-4-600x400.jpg 600w, https:\/\/www.marelle-bio.com\/wp-content\/uploads\/2023\/09\/marelle-soins-bio-bebes-et-enfants-4-1024x683.jpg 1024w, https:\/\/www.marelle-bio.com\/wp-content\/uploads\/2023\/09\/marelle-soins-bio-bebes-et-enfants-4-768x512.jpg 768w, https:\/\/www.marelle-bio.com\/wp-content\/uploads\/2023\/09\/marelle-soins-bio-bebes-et-enfants-4-1536x1024.jpg 1536w, https:\/\/www.marelle-bio.com\/wp-content\/uploads\/2023\/09\/marelle-soins-bio-bebes-et-enfants-4-scaled.jpg 2048w, https:\/\/www.marelle-bio.com\/wp-content\/uploads\/2023\/09\/marelle-soins-bio-bebes-et-enfants-4-2000x1333.jpg 2000w, https:\/\/www.marelle-bio.com\/wp-content\/uploads\/2023\/09\/marelle-soins-bio-bebes-et-enfants-4-300x200.jpg 300w\" sizes=\"(max-width: 800px) 100vw, 800px\" \/>    <\/figure>\n    \n  <div class=\"text\">\n    <h2>Die Verpackung<\/h2>\n<p>Die Verpackung von Marelle ist wiederverwertbar und von Ecocert zertifiziert.<\/p>\n<p>Sie hat eine Soft-Touch-Textur, die der Zartheit von Babyhaut \u00e4hnelt.<\/p>\n<p>Das grafische Design zeigt organische, pflanzliche und blumige Formen sowie Wassertropfen.<\/p>\n<p>Die Formate sind gro\u00dfz\u00fcgig und die Flaschen enthalten Pumpen f\u00fcr eine einfache Anwendung.<\/p>\n<p><img decoding=\"async\" loading=\"lazy\" class=\"alignnone wp-image-1403\" src=\"https:\/\/www.marelle-bio.com\/wp-content\/uploads\/2019\/10\/emballage-marelle-cosmetique-bio-enfants.png\" alt=\"\" width=\"150\" height=\"60\" srcset=\"https:\/\/www.marelle-bio.com\/wp-content\/uploads\/2019\/10\/emballage-marelle-cosmetique-bio-enfants.png 250w, https:\/\/www.marelle-bio.com\/wp-content\/uploads\/2019\/10\/emballage-marelle-cosmetique-bio-enfants-248x100.png 248w\" sizes=\"(max-width: 150px) 100vw, 150px\" \/><\/p>\n<p>&nbsp;<\/p>\n  <\/div>\n\n<\/section>\n\n\n<section class=\"featured wrap white-green\">\n\n  <div class=\"featured-img\">\n    <img loading=\"lazy\" width=\"800\" height=\"593\" src=\"https:\/\/www.marelle-bio.com\/wp-content\/uploads\/2023\/03\/Marelle-gamme-1-e1677768457600-800x593.png\" class=\"attachment-medium size-medium\" alt=\"Marelle soins bio b\u00e9b\u00e9s et enfants gamme\" decoding=\"async\" srcset=\"https:\/\/www.marelle-bio.com\/wp-content\/uploads\/2023\/03\/Marelle-gamme-1-e1677768457600-800x593.png 800w, https:\/\/www.marelle-bio.com\/wp-content\/uploads\/2023\/03\/Marelle-gamme-1-e1677768457600-600x444.png 600w, https:\/\/www.marelle-bio.com\/wp-content\/uploads\/2023\/03\/Marelle-gamme-1-e1677768457600-1024x758.png 1024w, https:\/\/www.marelle-bio.com\/wp-content\/uploads\/2023\/03\/Marelle-gamme-1-e1677768457600-768x569.png 768w, https:\/\/www.marelle-bio.com\/wp-content\/uploads\/2023\/03\/Marelle-gamme-1-e1677768457600-1536x1138.png 1536w, https:\/\/www.marelle-bio.com\/wp-content\/uploads\/2023\/03\/Marelle-gamme-1-e1677768457600-300x222.png 300w, https:\/\/www.marelle-bio.com\/wp-content\/uploads\/2023\/03\/Marelle-gamme-1-e1677768457600.png 1797w\" sizes=\"(max-width: 800px) 100vw, 800px\" \/>  <\/div>\n\n  <div class=\"featured-content\">\n\n    <h2>\n      Unser e-shop    <\/h2>\n\n    <p class=\"left\">\n      Entdecken Sie das Sortiment von Marelle.<br \/>\r\n<br \/>\r\nUltra-sanfte Hautpflegeprodukte f\u00fcr Babys und Kinder, biologisch zertifiziert und in der Schweiz hergestellt. Von einer Mutter in Zusammenarbeit mit einem Labor auf den H\u00f6hen des Genfer Sees entwickelt, enthalten die Produkte das Beste aus der Natur.<br \/>\r\n<br \/>\r\nInspiriert von der Sch\u00f6nheit und Reinheit der Schweizer Alpen.    <\/p>\n\n    <a href=\"https:\/\/www.marelle-bio.com\/de\/marelle-hochwertige-hautpflegeprodukte-eshop\/\" title=\"Entdecken Sie unsere Produkte\" class=\"arrow\">\n      Entdecken Sie unsere Produkte      <svg xmlns=\"http:\/\/www.w3.org\/2000\/svg\" viewBox=\"0 0 14.31 7.5\"><title>arrow<\/title><g id=\"Calque_2\" data-name=\"Calque 2\"><g id=\"Calque_1-2\" data-name=\"Calque 1\"><polygon points=\"10.53 0 9.83 0.71 12.4 3.25 0 3.25 0 4.25 12.37 4.25 9.83 6.79 10.54 7.5 14.31 3.73 10.53 0\"\/><\/g><\/g><\/svg>    <\/a>\n\n  <\/div>\n<\/section>\n\n\n<section id=\"usps\" class=\"green small\">\n\n        <div class=\"usp\">\n        <a href=\"https:\/\/www.marelle-bio.com\/de\/marelle-organic-skin-care-babies-and-children-ingredients\/\" title=\"Acc\u00e8s \u00e0 la page \u00e0 propos de Die Inhaltsstoffe\">\n\n          <div class=\"usp-content\">\n            <?xml version=\"1.0\" encoding=\"utf-8\"?>\n<!-- Generator: Adobe Illustrator 21.0.2, SVG Export Plug-In . SVG Version: 6.00 Build 0)  -->\n<svg version=\"1.1\" id=\"Calque_1\" xmlns=\"http:\/\/www.w3.org\/2000\/svg\" xmlns:xlink=\"http:\/\/www.w3.org\/1999\/xlink\" x=\"0px\" y=\"0px\"\n\t viewBox=\"0 0 82 82\" style=\"enable-background:new 0 0 82 82;\" xml:space=\"preserve\">\n<path d=\"M41,82C18.4,82,0,63.6,0,41S18.4,0,41,0s41,18.4,41,41S63.6,82,41,82z M41,2C19.5,2,2,19.5,2,41c0,21.5,17.5,39,39,39\n\ts39-17.5,39-39c0-10.3-4.1-20.3-11.4-27.6C61.3,6.1,51.3,2,41,2z\"\/>\n<path id=\"Fill-1\" d=\"M26.6,56.4L26.6,56.4c-0.3,0.3-0.8,0.3-1.1,0l0,0c-0.3-0.3-0.3-0.8,0-1.2c0,0,0,0,0,0l6.2-6.3l0,0V41\n\tc0-0.5,0.4-0.8,0.8-0.8c0.5,0,0.8,0.4,0.8,0.8v6.2l4.9-4.9V37c0-0.5,0.4-0.8,0.8-0.8c0.5,0,0.8,0.4,0.8,0.8v3.8l0,0l4.9-4.9v-2.2\n\tc0-0.5,0.4-0.8,0.8-0.8s0.8,0.4,0.8,0.8c0,0,0,0,0,0v1.6h1.7c0.5,0,0.8,0.4,0.8,0.8s-0.4,0.8-0.8,0.8c0,0,0,0,0,0H46l-4.9,4.9h3.8\n\tc0.5,0,0.8,0.4,0.8,0.8s-0.4,0.8-0.8,0.8c0,0,0,0,0,0h-5.4l-4.5,4.9h6.2c0.5,0,0.8,0.4,0.8,0.8c0,0.5-0.4,0.8-0.8,0.8h-7.8\n\tL26.6,56.4z M58.6,23.2c-0.2-0.2-0.4-0.3-0.7-0.2c-1.1,0.1-27.7,3.2-33.7,16c-2,4.1-1.5,8.8,1.3,13.9l-1.2,1.2c-1,1-1,2.5,0,3.5\n\ts2.5,1,3.5,0l1.3-1.3c2.6,1.5,5.5,2.4,8.5,2.5c7.2,0,13.2-6.1,17.3-17.6c1.9-5.6,3.3-11.4,4-17.3C58.9,23.7,58.8,23.4,58.6,23.2z\"\/>\n<\/svg>\n          <\/div>\n\n          <h2>Die Inhaltsstoffe<\/h2>\n\n        <\/a>\n      <\/div>\n            <div class=\"usp\">\n        <a href=\"https:\/\/www.marelle-bio.com\/de\/swiss-made\/\" title=\"Acc\u00e8s \u00e0 la page \u00e0 propos de Hergestellt in der Schweiz\">\n\n          <div class=\"usp-content\">\n            <?xml version=\"1.0\" encoding=\"utf-8\"?>\n<!-- Generator: Adobe Illustrator 21.0.2, SVG Export Plug-In . SVG Version: 6.00 Build 0)  -->\n<svg version=\"1.1\" id=\"Calque_1\" xmlns=\"http:\/\/www.w3.org\/2000\/svg\" xmlns:xlink=\"http:\/\/www.w3.org\/1999\/xlink\" x=\"0px\" y=\"0px\"\n\t viewBox=\"0 0 82 82\" style=\"enable-background:new 0 0 82 82;\" xml:space=\"preserve\">\n<path d=\"M41,82C18.4,82,0,63.6,0,41S18.4,0,41,0l0,0c22.6,0,41,18.4,41,41S63.6,82,41,82z M41,2C19.5,2,2,19.5,2,41s17.5,39,39,39\n\tl0,0c21.5,0,39-17.5,39-39S62.5,2,41,2z\"\/>\n<polygon id=\"Path\" points=\"61,47.7 47.7,47.7 47.7,61 34.3,61 34.3,47.7 21,47.7 21,34.3 34.3,34.3 34.3,21 47.7,21 47.7,34.3 \n\t61,34.3 \"\/>\n<\/svg>\n          <\/div>\n\n          <h2>Hergestellt in der Schweiz<\/h2>\n\n        <\/a>\n      <\/div>\n            <div class=\"usp\">\n        <a href=\"https:\/\/www.marelle-bio.com\/de\/marke\/\" title=\"Acc\u00e8s \u00e0 la page \u00e0 propos de Die Geschichte\">\n\n          <div class=\"usp-content\">\n            <?xml version=\"1.0\" encoding=\"utf-8\"?>\n<!-- Generator: Adobe Illustrator 21.0.2, SVG Export Plug-In . SVG Version: 6.00 Build 0)  -->\n<svg version=\"1.1\" id=\"Calque_1\" xmlns=\"http:\/\/www.w3.org\/2000\/svg\" xmlns:xlink=\"http:\/\/www.w3.org\/1999\/xlink\" x=\"0px\" y=\"0px\"\n\t viewBox=\"0 0 82 82\" style=\"enable-background:new 0 0 82 82;\" xml:space=\"preserve\">\n<path d=\"M50.2,25c-3.7,0.1-7.1,1.9-9.2,5c-2.1-3.1-5.6-4.9-9.3-5c-3.3,0.1-6.3,1.6-8.5,4c-2.2,2.4-3.3,5.5-3.2,8.8\n\tc0,10.7,16.1,23.3,19.4,25.7c0.9,0.7,2.2,0.7,3.2,0C43,63.1,62,49.4,62,37.8c0.1-3.2-1-6.4-3.2-8.8C56.6,26.6,53.5,25.1,50.2,25z\"\/>\n<path d=\"M70,12C54-4,28-4,12,12s-16,42,0,58s42,16,58,0c7.7-7.7,12-18.1,12-29C82,30.1,77.7,19.7,70,12z M41,80C19.5,80,2,62.5,2,41\n\tS19.5,2,41,2s39,17.5,39,39S62.5,80,41,80z\"\/>\n<\/svg>\n          <\/div>\n\n          <h2>Die Geschichte<\/h2>\n\n        <\/a>\n      <\/div>\n      \n<\/section>\n","protected":false},"excerpt":{"rendered":"","protected":false},"author":1,"featured_media":0,"parent":0,"menu_order":0,"comment_status":"closed","ping_status":"closed","template":"","meta":{"footnotes":""},"acf":[],"yoast_head":"<!-- This site is optimized with the Yoast SEO plugin v21.2 - https:\/\/yoast.com\/wordpress\/plugins\/seo\/ -->\n<title>Bio und verantwortungsvoll &#8226; Marelle<\/title>\n<meta name=\"description\" content=\"Marelle engagiert sich f\u00fcr die t\u00e4gliche Pflege der Haut von Babys und Kindern und f\u00fcr den Schutz der Umwelt.\" \/>\n<meta name=\"robots\" content=\"index, follow, max-snippet:-1, max-image-preview:large, max-video-preview:-1\" \/>\n<link rel=\"canonical\" href=\"https:\/\/www.marelle-bio.com\/fr\/marelle-soins-bio-responsable\/\" \/>\n<meta property=\"og:locale\" content=\"de_DE\" \/>\n<meta property=\"og:type\" content=\"article\" \/>\n<meta property=\"og:title\" content=\"Bio und verantwortungsvoll &#8226; Marelle\" \/>\n<meta property=\"og:description\" content=\"Marelle engagiert sich f\u00fcr die t\u00e4gliche Pflege der Haut von Babys und Kindern und f\u00fcr den Schutz der Umwelt.\" \/>\n<meta property=\"og:url\" content=\"https:\/\/www.marelle-bio.com\/fr\/marelle-soins-bio-responsable\/\" \/>\n<meta property=\"og:site_name\" content=\"Marelle\" \/>\n<meta property=\"article:publisher\" content=\"https:\/\/www.facebook.com\/marellebio\/\" \/>\n<meta property=\"article:modified_time\" content=\"2023-10-17T14:17:22+00:00\" \/>\n<meta property=\"og:image\" content=\"https:\/\/www.marelle-bio.com\/wp-content\/uploads\/2022\/09\/Marelle-soins-bio-pour-bebes-et-enfants-11-1024x683.jpg\" \/>\n\t<meta property=\"og:image:width\" content=\"1024\" \/>\n\t<meta property=\"og:image:height\" content=\"683\" \/>\n\t<meta property=\"og:image:type\" content=\"image\/jpeg\" \/>\n<meta name=\"twitter:card\" content=\"summary_large_image\" \/>\n<script type=\"application\/ld+json\" class=\"yoast-schema-graph\">{\"@context\":\"https:\/\/schema.org\",\"@graph\":[{\"@type\":\"WebPage\",\"@id\":\"https:\/\/www.marelle-bio.com\/fr\/marelle-soins-bio-responsable\/\",\"url\":\"https:\/\/www.marelle-bio.com\/fr\/marelle-soins-bio-responsable\/\",\"name\":\"Bio und verantwortungsvoll &#8226; Marelle\",\"isPartOf\":{\"@id\":\"https:\/\/www.marelle-bio.com\/fr\/#website\"},\"datePublished\":\"2019-10-29T10:41:01+00:00\",\"dateModified\":\"2023-10-17T14:17:22+00:00\",\"description\":\"Marelle engagiert sich f\u00fcr die t\u00e4gliche Pflege der Haut von Babys und Kindern und f\u00fcr den Schutz der Umwelt.\",\"breadcrumb\":{\"@id\":\"https:\/\/www.marelle-bio.com\/fr\/marelle-soins-bio-responsable\/#breadcrumb\"},\"inLanguage\":\"de\",\"potentialAction\":[{\"@type\":\"ReadAction\",\"target\":[\"https:\/\/www.marelle-bio.com\/fr\/marelle-soins-bio-responsable\/\"]}]},{\"@type\":\"BreadcrumbList\",\"@id\":\"https:\/\/www.marelle-bio.com\/fr\/marelle-soins-bio-responsable\/#breadcrumb\",\"itemListElement\":[{\"@type\":\"ListItem\",\"position\":1,\"name\":\"Accueil\",\"item\":\"https:\/\/www.marelle-bio.com\/de\/\"},{\"@type\":\"ListItem\",\"position\":2,\"name\":\"Bio und verantwortungsvoll\"}]},{\"@type\":\"WebSite\",\"@id\":\"https:\/\/www.marelle-bio.com\/fr\/#website\",\"url\":\"https:\/\/www.marelle-bio.com\/fr\/\",\"name\":\"Marelle\",\"description\":\"Soins bio pour b\u00e9b\u00e9s et enfants\",\"publisher\":{\"@id\":\"https:\/\/www.marelle-bio.com\/fr\/#organization\"},\"potentialAction\":[{\"@type\":\"SearchAction\",\"target\":{\"@type\":\"EntryPoint\",\"urlTemplate\":\"https:\/\/www.marelle-bio.com\/fr\/?s={search_term_string}\"},\"query-input\":\"required name=search_term_string\"}],\"inLanguage\":\"de\"},{\"@type\":\"Organization\",\"@id\":\"https:\/\/www.marelle-bio.com\/fr\/#organization\",\"name\":\"Marelle\",\"url\":\"https:\/\/www.marelle-bio.com\/fr\/\",\"logo\":{\"@type\":\"ImageObject\",\"inLanguage\":\"de\",\"@id\":\"https:\/\/www.marelle-bio.com\/fr\/#\/schema\/logo\/image\/\",\"url\":\"https:\/\/www.marelle-bio.com\/wp-content\/uploads\/2019\/10\/logo.png\",\"contentUrl\":\"https:\/\/www.marelle-bio.com\/wp-content\/uploads\/2019\/10\/logo.png\",\"width\":608,\"height\":295,\"caption\":\"Marelle\"},\"image\":{\"@id\":\"https:\/\/www.marelle-bio.com\/fr\/#\/schema\/logo\/image\/\"},\"sameAs\":[\"https:\/\/www.facebook.com\/marellebio\/\",\"https:\/\/www.instagram.com\/marelle_bio\/\"]}]}<\/script>\n<!-- \/ Yoast SEO plugin. -->","yoast_head_json":{"title":"Bio und verantwortungsvoll &#8226; Marelle","description":"Marelle engagiert sich f\u00fcr die t\u00e4gliche Pflege der Haut von Babys und Kindern und f\u00fcr den Schutz der Umwelt.","robots":{"index":"index","follow":"follow","max-snippet":"max-snippet:-1","max-image-preview":"max-image-preview:large","max-video-preview":"max-video-preview:-1"},"canonical":"https:\/\/www.marelle-bio.com\/fr\/marelle-soins-bio-responsable\/","og_locale":"de_DE","og_type":"article","og_title":"Bio und verantwortungsvoll &#8226; Marelle","og_description":"Marelle engagiert sich f\u00fcr die t\u00e4gliche Pflege der Haut von Babys und Kindern und f\u00fcr den Schutz der Umwelt.","og_url":"https:\/\/www.marelle-bio.com\/fr\/marelle-soins-bio-responsable\/","og_site_name":"Marelle","article_publisher":"https:\/\/www.facebook.com\/marellebio\/","article_modified_time":"2023-10-17T14:17:22+00:00","og_image":[{"width":1024,"height":683,"url":"https:\/\/www.marelle-bio.com\/wp-content\/uploads\/2022\/09\/Marelle-soins-bio-pour-bebes-et-enfants-11-1024x683.jpg","type":"image\/jpeg"}],"twitter_card":"summary_large_image","schema":{"@context":"https:\/\/schema.org","@graph":[{"@type":"WebPage","@id":"https:\/\/www.marelle-bio.com\/fr\/marelle-soins-bio-responsable\/","url":"https:\/\/www.marelle-bio.com\/fr\/marelle-soins-bio-responsable\/","name":"Bio und verantwortungsvoll &#8226; Marelle","isPartOf":{"@id":"https:\/\/www.marelle-bio.com\/fr\/#website"},"datePublished":"2019-10-29T10:41:01+00:00","dateModified":"2023-10-17T14:17:22+00:00","description":"Marelle engagiert sich f\u00fcr die t\u00e4gliche Pflege der Haut von Babys und Kindern und f\u00fcr den Schutz der Umwelt.","breadcrumb":{"@id":"https:\/\/www.marelle-bio.com\/fr\/marelle-soins-bio-responsable\/#breadcrumb"},"inLanguage":"de","potentialAction":[{"@type":"ReadAction","target":["https:\/\/www.marelle-bio.com\/fr\/marelle-soins-bio-responsable\/"]}]},{"@type":"BreadcrumbList","@id":"https:\/\/www.marelle-bio.com\/fr\/marelle-soins-bio-responsable\/#breadcrumb","itemListElement":[{"@type":"ListItem","position":1,"name":"Accueil","item":"https:\/\/www.marelle-bio.com\/de\/"},{"@type":"ListItem","position":2,"name":"Bio und verantwortungsvoll"}]},{"@type":"WebSite","@id":"https:\/\/www.marelle-bio.com\/fr\/#website","url":"https:\/\/www.marelle-bio.com\/fr\/","name":"Marelle","description":"Soins bio pour b\u00e9b\u00e9s et enfants","publisher":{"@id":"https:\/\/www.marelle-bio.com\/fr\/#organization"},"potentialAction":[{"@type":"SearchAction","target":{"@type":"EntryPoint","urlTemplate":"https:\/\/www.marelle-bio.com\/fr\/?s={search_term_string}"},"query-input":"required name=search_term_string"}],"inLanguage":"de"},{"@type":"Organization","@id":"https:\/\/www.marelle-bio.com\/fr\/#organization","name":"Marelle","url":"https:\/\/www.marelle-bio.com\/fr\/","logo":{"@type":"ImageObject","inLanguage":"de","@id":"https:\/\/www.marelle-bio.com\/fr\/#\/schema\/logo\/image\/","url":"https:\/\/www.marelle-bio.com\/wp-content\/uploads\/2019\/10\/logo.png","contentUrl":"https:\/\/www.marelle-bio.com\/wp-content\/uploads\/2019\/10\/logo.png","width":608,"height":295,"caption":"Marelle"},"image":{"@id":"https:\/\/www.marelle-bio.com\/fr\/#\/schema\/logo\/image\/"},"sameAs":["https:\/\/www.facebook.com\/marellebio\/","https:\/\/www.instagram.com\/marelle_bio\/"]}]}},"_links":{"self":[{"href":"https:\/\/www.marelle-bio.com\/de\/wp-json\/wp\/v2\/pages\/81359"}],"collection":[{"href":"https:\/\/www.marelle-bio.com\/de\/wp-json\/wp\/v2\/pages"}],"about":[{"href":"https:\/\/www.marelle-bio.com\/de\/wp-json\/wp\/v2\/types\/page"}],"author":[{"embeddable":true,"href":"https:\/\/www.marelle-bio.com\/de\/wp-json\/wp\/v2\/users\/1"}],"replies":[{"embeddable":true,"href":"https:\/\/www.marelle-bio.com\/de\/wp-json\/wp\/v2\/comments?post=81359"}],"version-history":[{"count":11,"href":"https:\/\/www.marelle-bio.com\/de\/wp-json\/wp\/v2\/pages\/81359\/revisions"}],"predecessor-version":[{"id":81636,"href":"https:\/\/www.marelle-bio.com\/de\/wp-json\/wp\/v2\/pages\/81359\/revisions\/81636"}],"wp:attachment":[{"href":"https:\/\/www.marelle-bio.com\/de\/wp-json\/wp\/v2\/media?parent=81359"}],"curies":[{"name":"wp","href":"https:\/\/api.w.org\/{rel}","templated":true}]}}