{"id":67137,"date":"2023-03-28T16:30:44","date_gmt":"2023-03-28T14:30:44","guid":{"rendered":"https:\/\/www.marelle-bio.com\/?page_id=67137"},"modified":"2025-03-07T11:02:50","modified_gmt":"2025-03-07T10:02:50","slug":"marke","status":"publish","type":"page","link":"https:\/\/www.marelle-bio.com\/de\/marke\/","title":{"rendered":"Marke"},"content":{"rendered":"<section class=\"wrap centered\">\n\n  <h1>die Geschichte<\/h1>\n\n  <p>Marelle wurde von einer Mutter gegr\u00fcndet und ist eine Produktlinie f\u00fcr Baby- und Kinderhautpflege, die von der Sch\u00f6nheit und Reinheit der Schweizer Natur inspiriert ist.<\/p>\n<p>Die Produkte von Marelle sind bio-zertifiziert und werden in einem renommierten Kosmetiklabor mit Blick auf den Genfer See hergestellt. Sie bestehen zu 99% bis 100% aus nat\u00fcrlichen Inhaltsstoffen.<\/p>\n<p>Speziell f\u00fcr die Kleinen entwickelt, sind die Texturen und D\u00fcfte sanft und allergenfrei. Die Formeln respektieren auch die empfindlichste Haut und k\u00f6nnen ab der Geburt verwendet werden.<\/p>\n\n<\/section>\n\n\n<section class=\"wrap pic right landscape no-pt first-pic\">\n\n      <figure class=\"rellax\" style=\"background-image:url(https:\/\/www.marelle-bio.com\/wp-content\/uploads\/2020\/01\/Marelle-soins-bio-b\u00e9b\u00e9s-et-enfants-champs-2-800x533.jpg);\">\n      <img loading=\"lazy\" width=\"800\" height=\"533\" src=\"https:\/\/www.marelle-bio.com\/wp-content\/uploads\/2020\/01\/Marelle-soins-bio-b\u00e9b\u00e9s-et-enfants-champs-2-800x533.jpg\" class=\"attachment-medium size-medium\" alt=\"Marelle soins bio b\u00e9b\u00e9s et enfants dans les champs\" decoding=\"async\" srcset=\"https:\/\/www.marelle-bio.com\/wp-content\/uploads\/2020\/01\/Marelle-soins-bio-b\u00e9b\u00e9s-et-enfants-champs-2-800x533.jpg 800w, https:\/\/www.marelle-bio.com\/wp-content\/uploads\/2020\/01\/Marelle-soins-bio-b\u00e9b\u00e9s-et-enfants-champs-2-1024x683.jpg 1024w, https:\/\/www.marelle-bio.com\/wp-content\/uploads\/2020\/01\/Marelle-soins-bio-b\u00e9b\u00e9s-et-enfants-champs-2-768x512.jpg 768w, https:\/\/www.marelle-bio.com\/wp-content\/uploads\/2020\/01\/Marelle-soins-bio-b\u00e9b\u00e9s-et-enfants-champs-2-300x200.jpg 300w, https:\/\/www.marelle-bio.com\/wp-content\/uploads\/2020\/01\/Marelle-soins-bio-b\u00e9b\u00e9s-et-enfants-champs-2-600x400.jpg 600w, https:\/\/www.marelle-bio.com\/wp-content\/uploads\/2020\/01\/Marelle-soins-bio-b\u00e9b\u00e9s-et-enfants-champs-2.jpg 1500w\" sizes=\"(max-width: 800px) 100vw, 800px\" \/>    <\/figure>\n    \n  <div class=\"text\">\n    <h2>Von einer Mutter geschaffen<\/h2>\n<p>Marelle ist eine Geschichte mit einer menschlichen Dimension.<\/p>\n<p>Die Produkte wurden von einer in der Schweiz lebenden Mutter von 3 Kindern ausgedacht, die schon immer in der Kosmetikbranche gearbeitet hat.<\/p>\n<p>Inspiriert von der Sch\u00f6nheit und der Reinheit der Umwelt in der sie lebt, entwickelte sie eine Reihe von Hautpflegeprodukten f\u00fcr Babys und Kinder von einzigartiger Nat\u00fcrlichkeit, Qualit\u00e4t und Sanftheit.<\/p>\n<p>Sie arbeitet mit einem Schweizer Kosmetiklabor und einem Team von anerkannten Wissenschaftlern und Fachleuten zusammen, um die Produkte herzustellen.<\/p>\n  <\/div>\n\n<\/section>\n\n\n<section class=\"wrap pic no-pt first-pic\">\n\n      <figure class=\"rellax\" style=\"background-image:url(https:\/\/www.marelle-bio.com\/wp-content\/uploads\/2024\/02\/marelle-soins-bio-bebes-et-enfants-6-533x800.jpg);\">\n      <img loading=\"lazy\" width=\"533\" height=\"800\" src=\"https:\/\/www.marelle-bio.com\/wp-content\/uploads\/2024\/02\/marelle-soins-bio-bebes-et-enfants-6-533x800.jpg\" class=\"attachment-medium size-medium\" alt=\"Marelle soins bio pour b\u00e9b\u00e9s et enfants Vanessa Toublanc\" decoding=\"async\" srcset=\"https:\/\/www.marelle-bio.com\/wp-content\/uploads\/2024\/02\/marelle-soins-bio-bebes-et-enfants-6-533x800.jpg 533w, https:\/\/www.marelle-bio.com\/wp-content\/uploads\/2024\/02\/marelle-soins-bio-bebes-et-enfants-6-scaled-600x900.jpg 600w, https:\/\/www.marelle-bio.com\/wp-content\/uploads\/2024\/02\/marelle-soins-bio-bebes-et-enfants-6-683x1024.jpg 683w, https:\/\/www.marelle-bio.com\/wp-content\/uploads\/2024\/02\/marelle-soins-bio-bebes-et-enfants-6-768x1152.jpg 768w, https:\/\/www.marelle-bio.com\/wp-content\/uploads\/2024\/02\/marelle-soins-bio-bebes-et-enfants-6-1024x1536.jpg 1024w, https:\/\/www.marelle-bio.com\/wp-content\/uploads\/2024\/02\/marelle-soins-bio-bebes-et-enfants-6-scaled.jpg 1366w, https:\/\/www.marelle-bio.com\/wp-content\/uploads\/2024\/02\/marelle-soins-bio-bebes-et-enfants-6-2000x3000.jpg 2000w, https:\/\/www.marelle-bio.com\/wp-content\/uploads\/2024\/02\/marelle-soins-bio-bebes-et-enfants-6-300x450.jpg 300w\" sizes=\"(max-width: 533px) 100vw, 533px\" \/>    <\/figure>\n    \n  <div class=\"text\">\n    <blockquote><p>Da wir Eltern sehr besorgt sind \u00fcber die Sicherheit der Kosmetikprodukte die wir f\u00fcr unsere Kinder verwenden, tr\u00e4umte ich davon, eine gesunde, biologische und verantwortungsvolle Hautpflegemarke von hervorragender Qualit\u00e4t zu lancieren, die im Einklang mit der Sch\u00f6nheit und Reinheit der unber\u00fchrten Schweizer Natur steht.<\/p>\n<p>Ich wollte, dass diese Marke die Nat\u00fcrlichkeit mit der \u00c4sthetik vereint, die biologischsten Formulierungen mit den sch\u00f6nsten Verpackungen!<\/p>\n<p>Marelle ist aus dieser Idee entstanden.<\/p>\n<p>Meine Kinder lieben die Sanftheit und Reinheit der Marelle-Produkte. Ich hoffe, Ihre Kinder werden sie auch lieben!<\/p>\n<p>Vanessa Toublanc<\/p><\/blockquote>\n  <\/div>\n\n<\/section>\n\n\n<section class=\"featured wrap white-green\">\n\n  <div class=\"featured-img\">\n    <img loading=\"lazy\" width=\"800\" height=\"585\" src=\"https:\/\/www.marelle-bio.com\/wp-content\/uploads\/2023\/03\/Marelle-gamme-1-2-e1677769575694-800x585.png\" class=\"attachment-medium size-medium\" alt=\"Marelle soins bio b\u00e9b\u00e9s et enfants gamme\" decoding=\"async\" srcset=\"https:\/\/www.marelle-bio.com\/wp-content\/uploads\/2023\/03\/Marelle-gamme-1-2-e1677769575694-800x585.png 800w, https:\/\/www.marelle-bio.com\/wp-content\/uploads\/2023\/03\/Marelle-gamme-1-2-e1677769575694-600x439.png 600w, https:\/\/www.marelle-bio.com\/wp-content\/uploads\/2023\/03\/Marelle-gamme-1-2-e1677769575694-1024x749.png 1024w, https:\/\/www.marelle-bio.com\/wp-content\/uploads\/2023\/03\/Marelle-gamme-1-2-e1677769575694-768x562.png 768w, https:\/\/www.marelle-bio.com\/wp-content\/uploads\/2023\/03\/Marelle-gamme-1-2-e1677769575694-300x219.png 300w, https:\/\/www.marelle-bio.com\/wp-content\/uploads\/2023\/03\/Marelle-gamme-1-2-e1677769575694.png 1105w\" sizes=\"(max-width: 800px) 100vw, 800px\" \/>  <\/div>\n\n  <div class=\"featured-content\">\n\n    <h2>\n      Unser e-Shop    <\/h2>\n\n    <p class=\"left\">\n      Entdecken Sie das Sortiment von Marelle.<br \/>\r\n<br \/>\r\nUltra-sanfte Hautpflegeprodukte f\u00fcr Babys und Kinder, biologisch zertifiziert und in der Schweiz hergestellt. Von einer Mutter in Zusammenarbeit mit einem Labor auf den H\u00f6hen des Genfer Sees entwickelt, enthalten die Produkte das Beste aus der Natur.<br \/>\r\n<br \/>\r\nInspiriert von der Sch\u00f6nheit und Reinheit der Schweizer Alpen.<br \/>\r\n    <\/p>\n\n    <a href=\"https:\/\/www.marelle-bio.com\/de\/marelle-hochwertige-hautpflegeprodukte-eshop\/\" title=\"Entdecken Sie unsere Produkte\" class=\"arrow\">\n      Entdecken Sie unsere Produkte      <svg xmlns=\"http:\/\/www.w3.org\/2000\/svg\" viewBox=\"0 0 14.31 7.5\"><title>arrow<\/title><g id=\"Calque_2\" data-name=\"Calque 2\"><g id=\"Calque_1-2\" data-name=\"Calque 1\"><polygon points=\"10.53 0 9.83 0.71 12.4 3.25 0 3.25 0 4.25 12.37 4.25 9.83 6.79 10.54 7.5 14.31 3.73 10.53 0\"\/><\/g><\/g><\/svg>    <\/a>\n\n  <\/div>\n<\/section>\n\n\n<section id=\"usps\" class=\"green small\">\n\n        <div class=\"usp\">\n        <a href=\"https:\/\/www.marelle-bio.com\/de\/marelle-organisch-und-verantwortlich\/\" title=\"Acc\u00e8s \u00e0 la page \u00e0 propos de \u00d6kologisch und verantwortungsbewusst\">\n\n          <div class=\"usp-content\">\n            <img decoding=\"async\" src=\"https:\/\/www.marelle-bio.com\/wp-content\/uploads\/2019\/09\/cosmos-white.png\" \/>          <\/div>\n\n          <h2>\u00d6kologisch und verantwortungsbewusst<\/h2>\n\n        <\/a>\n      <\/div>\n            <div class=\"usp\">\n        <a href=\"https:\/\/www.marelle-bio.com\/de\/marelle-organic-skin-care-babies-and-children-ingredients\/\" title=\"Acc\u00e8s \u00e0 la page \u00e0 propos de Die Inhaltsstoffe\">\n\n          <div class=\"usp-content\">\n            <?xml version=\"1.0\" encoding=\"utf-8\"?>\n<!-- Generator: Adobe Illustrator 21.0.2, SVG Export Plug-In . SVG Version: 6.00 Build 0)  -->\n<svg version=\"1.1\" id=\"Calque_1\" xmlns=\"http:\/\/www.w3.org\/2000\/svg\" xmlns:xlink=\"http:\/\/www.w3.org\/1999\/xlink\" x=\"0px\" y=\"0px\"\n\t viewBox=\"0 0 82 82\" style=\"enable-background:new 0 0 82 82;\" xml:space=\"preserve\">\n<path d=\"M41,82C18.4,82,0,63.6,0,41S18.4,0,41,0s41,18.4,41,41S63.6,82,41,82z M41,2C19.5,2,2,19.5,2,41c0,21.5,17.5,39,39,39\n\ts39-17.5,39-39c0-10.3-4.1-20.3-11.4-27.6C61.3,6.1,51.3,2,41,2z\"\/>\n<path id=\"Fill-1\" d=\"M26.6,56.4L26.6,56.4c-0.3,0.3-0.8,0.3-1.1,0l0,0c-0.3-0.3-0.3-0.8,0-1.2c0,0,0,0,0,0l6.2-6.3l0,0V41\n\tc0-0.5,0.4-0.8,0.8-0.8c0.5,0,0.8,0.4,0.8,0.8v6.2l4.9-4.9V37c0-0.5,0.4-0.8,0.8-0.8c0.5,0,0.8,0.4,0.8,0.8v3.8l0,0l4.9-4.9v-2.2\n\tc0-0.5,0.4-0.8,0.8-0.8s0.8,0.4,0.8,0.8c0,0,0,0,0,0v1.6h1.7c0.5,0,0.8,0.4,0.8,0.8s-0.4,0.8-0.8,0.8c0,0,0,0,0,0H46l-4.9,4.9h3.8\n\tc0.5,0,0.8,0.4,0.8,0.8s-0.4,0.8-0.8,0.8c0,0,0,0,0,0h-5.4l-4.5,4.9h6.2c0.5,0,0.8,0.4,0.8,0.8c0,0.5-0.4,0.8-0.8,0.8h-7.8\n\tL26.6,56.4z M58.6,23.2c-0.2-0.2-0.4-0.3-0.7-0.2c-1.1,0.1-27.7,3.2-33.7,16c-2,4.1-1.5,8.8,1.3,13.9l-1.2,1.2c-1,1-1,2.5,0,3.5\n\ts2.5,1,3.5,0l1.3-1.3c2.6,1.5,5.5,2.4,8.5,2.5c7.2,0,13.2-6.1,17.3-17.6c1.9-5.6,3.3-11.4,4-17.3C58.9,23.7,58.8,23.4,58.6,23.2z\"\/>\n<\/svg>\n          <\/div>\n\n          <h2>Die Inhaltsstoffe<\/h2>\n\n        <\/a>\n      <\/div>\n            <div class=\"usp\">\n        <a href=\"https:\/\/www.marelle-bio.com\/de\/swiss-made\/\" title=\"Acc\u00e8s \u00e0 la page \u00e0 propos de Hergestellt in der Schweiz\">\n\n          <div class=\"usp-content\">\n            <?xml version=\"1.0\" encoding=\"utf-8\"?>\n<!-- Generator: Adobe Illustrator 21.0.2, SVG Export Plug-In . SVG Version: 6.00 Build 0)  -->\n<svg version=\"1.1\" id=\"Calque_1\" xmlns=\"http:\/\/www.w3.org\/2000\/svg\" xmlns:xlink=\"http:\/\/www.w3.org\/1999\/xlink\" x=\"0px\" y=\"0px\"\n\t viewBox=\"0 0 82 82\" style=\"enable-background:new 0 0 82 82;\" xml:space=\"preserve\">\n<path d=\"M41,82C18.4,82,0,63.6,0,41S18.4,0,41,0l0,0c22.6,0,41,18.4,41,41S63.6,82,41,82z M41,2C19.5,2,2,19.5,2,41s17.5,39,39,39\n\tl0,0c21.5,0,39-17.5,39-39S62.5,2,41,2z\"\/>\n<polygon id=\"Path\" points=\"61,47.7 47.7,47.7 47.7,61 34.3,61 34.3,47.7 21,47.7 21,34.3 34.3,34.3 34.3,21 47.7,21 47.7,34.3 \n\t61,34.3 \"\/>\n<\/svg>\n          <\/div>\n\n          <h2>Hergestellt in der Schweiz<\/h2>\n\n        <\/a>\n      <\/div>\n      \n<\/section>\n","protected":false},"excerpt":{"rendered":"","protected":false},"author":9,"featured_media":0,"parent":0,"menu_order":0,"comment_status":"closed","ping_status":"closed","template":"","meta":{"footnotes":""},"acf":[],"yoast_head":"<!-- This site is optimized with the Yoast SEO plugin v21.2 - https:\/\/yoast.com\/wordpress\/plugins\/seo\/ -->\n<title>Marke &#8226; Marelle<\/title>\n<meta name=\"robots\" content=\"index, follow, max-snippet:-1, max-image-preview:large, max-video-preview:-1\" \/>\n<link rel=\"canonical\" href=\"https:\/\/www.marelle-bio.com\/de\/marke\/\" \/>\n<meta property=\"og:locale\" content=\"de_DE\" \/>\n<meta property=\"og:type\" content=\"article\" \/>\n<meta property=\"og:title\" content=\"Marke &#8226; Marelle\" \/>\n<meta property=\"og:url\" content=\"https:\/\/www.marelle-bio.com\/de\/marke\/\" \/>\n<meta property=\"og:site_name\" content=\"Marelle\" \/>\n<meta property=\"article:publisher\" content=\"https:\/\/www.facebook.com\/marellebio\/\" \/>\n<meta property=\"article:modified_time\" content=\"2025-03-07T10:02:50+00:00\" \/>\n<meta property=\"og:image\" content=\"https:\/\/www.marelle-bio.com\/wp-content\/uploads\/2022\/09\/Marelle-soins-bio-pour-bebes-et-enfants-11-1024x683.jpg\" \/>\n\t<meta property=\"og:image:width\" content=\"1024\" \/>\n\t<meta property=\"og:image:height\" content=\"683\" \/>\n\t<meta property=\"og:image:type\" content=\"image\/jpeg\" \/>\n<meta name=\"twitter:card\" content=\"summary_large_image\" \/>\n<script type=\"application\/ld+json\" class=\"yoast-schema-graph\">{\"@context\":\"https:\/\/schema.org\",\"@graph\":[{\"@type\":\"WebPage\",\"@id\":\"https:\/\/www.marelle-bio.com\/de\/marke\/\",\"url\":\"https:\/\/www.marelle-bio.com\/de\/marke\/\",\"name\":\"Marke &#8226; Marelle\",\"isPartOf\":{\"@id\":\"https:\/\/www.marelle-bio.com\/fr\/#website\"},\"datePublished\":\"2023-03-28T14:30:44+00:00\",\"dateModified\":\"2025-03-07T10:02:50+00:00\",\"breadcrumb\":{\"@id\":\"https:\/\/www.marelle-bio.com\/de\/marke\/#breadcrumb\"},\"inLanguage\":\"de\",\"potentialAction\":[{\"@type\":\"ReadAction\",\"target\":[\"https:\/\/www.marelle-bio.com\/de\/marke\/\"]}]},{\"@type\":\"BreadcrumbList\",\"@id\":\"https:\/\/www.marelle-bio.com\/de\/marke\/#breadcrumb\",\"itemListElement\":[{\"@type\":\"ListItem\",\"position\":1,\"name\":\"Accueil\",\"item\":\"https:\/\/www.marelle-bio.com\/de\/\"},{\"@type\":\"ListItem\",\"position\":2,\"name\":\"Marke\"}]},{\"@type\":\"WebSite\",\"@id\":\"https:\/\/www.marelle-bio.com\/fr\/#website\",\"url\":\"https:\/\/www.marelle-bio.com\/fr\/\",\"name\":\"Marelle\",\"description\":\"Soins bio pour b\u00e9b\u00e9s et enfants\",\"publisher\":{\"@id\":\"https:\/\/www.marelle-bio.com\/fr\/#organization\"},\"potentialAction\":[{\"@type\":\"SearchAction\",\"target\":{\"@type\":\"EntryPoint\",\"urlTemplate\":\"https:\/\/www.marelle-bio.com\/fr\/?s={search_term_string}\"},\"query-input\":\"required name=search_term_string\"}],\"inLanguage\":\"de\"},{\"@type\":\"Organization\",\"@id\":\"https:\/\/www.marelle-bio.com\/fr\/#organization\",\"name\":\"Marelle\",\"url\":\"https:\/\/www.marelle-bio.com\/fr\/\",\"logo\":{\"@type\":\"ImageObject\",\"inLanguage\":\"de\",\"@id\":\"https:\/\/www.marelle-bio.com\/fr\/#\/schema\/logo\/image\/\",\"url\":\"https:\/\/www.marelle-bio.com\/wp-content\/uploads\/2019\/10\/logo.png\",\"contentUrl\":\"https:\/\/www.marelle-bio.com\/wp-content\/uploads\/2019\/10\/logo.png\",\"width\":608,\"height\":295,\"caption\":\"Marelle\"},\"image\":{\"@id\":\"https:\/\/www.marelle-bio.com\/fr\/#\/schema\/logo\/image\/\"},\"sameAs\":[\"https:\/\/www.facebook.com\/marellebio\/\",\"https:\/\/www.instagram.com\/marelle_bio\/\"]}]}<\/script>\n<!-- \/ Yoast SEO plugin. -->","yoast_head_json":{"title":"Marke &#8226; Marelle","robots":{"index":"index","follow":"follow","max-snippet":"max-snippet:-1","max-image-preview":"max-image-preview:large","max-video-preview":"max-video-preview:-1"},"canonical":"https:\/\/www.marelle-bio.com\/de\/marke\/","og_locale":"de_DE","og_type":"article","og_title":"Marke &#8226; Marelle","og_url":"https:\/\/www.marelle-bio.com\/de\/marke\/","og_site_name":"Marelle","article_publisher":"https:\/\/www.facebook.com\/marellebio\/","article_modified_time":"2025-03-07T10:02:50+00:00","og_image":[{"width":1024,"height":683,"url":"https:\/\/www.marelle-bio.com\/wp-content\/uploads\/2022\/09\/Marelle-soins-bio-pour-bebes-et-enfants-11-1024x683.jpg","type":"image\/jpeg"}],"twitter_card":"summary_large_image","schema":{"@context":"https:\/\/schema.org","@graph":[{"@type":"WebPage","@id":"https:\/\/www.marelle-bio.com\/de\/marke\/","url":"https:\/\/www.marelle-bio.com\/de\/marke\/","name":"Marke &#8226; Marelle","isPartOf":{"@id":"https:\/\/www.marelle-bio.com\/fr\/#website"},"datePublished":"2023-03-28T14:30:44+00:00","dateModified":"2025-03-07T10:02:50+00:00","breadcrumb":{"@id":"https:\/\/www.marelle-bio.com\/de\/marke\/#breadcrumb"},"inLanguage":"de","potentialAction":[{"@type":"ReadAction","target":["https:\/\/www.marelle-bio.com\/de\/marke\/"]}]},{"@type":"BreadcrumbList","@id":"https:\/\/www.marelle-bio.com\/de\/marke\/#breadcrumb","itemListElement":[{"@type":"ListItem","position":1,"name":"Accueil","item":"https:\/\/www.marelle-bio.com\/de\/"},{"@type":"ListItem","position":2,"name":"Marke"}]},{"@type":"WebSite","@id":"https:\/\/www.marelle-bio.com\/fr\/#website","url":"https:\/\/www.marelle-bio.com\/fr\/","name":"Marelle","description":"Soins bio pour b\u00e9b\u00e9s et enfants","publisher":{"@id":"https:\/\/www.marelle-bio.com\/fr\/#organization"},"potentialAction":[{"@type":"SearchAction","target":{"@type":"EntryPoint","urlTemplate":"https:\/\/www.marelle-bio.com\/fr\/?s={search_term_string}"},"query-input":"required name=search_term_string"}],"inLanguage":"de"},{"@type":"Organization","@id":"https:\/\/www.marelle-bio.com\/fr\/#organization","name":"Marelle","url":"https:\/\/www.marelle-bio.com\/fr\/","logo":{"@type":"ImageObject","inLanguage":"de","@id":"https:\/\/www.marelle-bio.com\/fr\/#\/schema\/logo\/image\/","url":"https:\/\/www.marelle-bio.com\/wp-content\/uploads\/2019\/10\/logo.png","contentUrl":"https:\/\/www.marelle-bio.com\/wp-content\/uploads\/2019\/10\/logo.png","width":608,"height":295,"caption":"Marelle"},"image":{"@id":"https:\/\/www.marelle-bio.com\/fr\/#\/schema\/logo\/image\/"},"sameAs":["https:\/\/www.facebook.com\/marellebio\/","https:\/\/www.instagram.com\/marelle_bio\/"]}]}},"_links":{"self":[{"href":"https:\/\/www.marelle-bio.com\/de\/wp-json\/wp\/v2\/pages\/67137"}],"collection":[{"href":"https:\/\/www.marelle-bio.com\/de\/wp-json\/wp\/v2\/pages"}],"about":[{"href":"https:\/\/www.marelle-bio.com\/de\/wp-json\/wp\/v2\/types\/page"}],"author":[{"embeddable":true,"href":"https:\/\/www.marelle-bio.com\/de\/wp-json\/wp\/v2\/users\/9"}],"replies":[{"embeddable":true,"href":"https:\/\/www.marelle-bio.com\/de\/wp-json\/wp\/v2\/comments?post=67137"}],"version-history":[{"count":14,"href":"https:\/\/www.marelle-bio.com\/de\/wp-json\/wp\/v2\/pages\/67137\/revisions"}],"predecessor-version":[{"id":83928,"href":"https:\/\/www.marelle-bio.com\/de\/wp-json\/wp\/v2\/pages\/67137\/revisions\/83928"}],"wp:attachment":[{"href":"https:\/\/www.marelle-bio.com\/de\/wp-json\/wp\/v2\/media?parent=67137"}],"curies":[{"name":"wp","href":"https:\/\/api.w.org\/{rel}","templated":true}]}}