{"id":66956,"date":"2023-03-28T12:00:43","date_gmt":"2023-03-28T10:00:43","guid":{"rendered":"https:\/\/www.marelle-bio.com\/?page_id=66956"},"modified":"2026-01-29T11:10:12","modified_gmt":"2026-01-29T10:10:12","slug":"marelle-bio-pflege-bebe-und-kinder","status":"publish","type":"page","link":"https:\/\/www.marelle-bio.com\/de\/","title":{"rendered":"Startseite"},"content":{"rendered":"<section id=\"hero\">\n  <div id=\"slider\">\n          <div>\n        <figure style=\"background-image:url(https:\/\/www.marelle-bio.com\/wp-content\/uploads\/2026\/01\/marelle_soins_bio_bebes_enfants-3-2000x2960.jpg);\">\n          <img loading=\"lazy\" width=\"2000\" height=\"2960\" src=\"https:\/\/www.marelle-bio.com\/wp-content\/uploads\/2026\/01\/marelle_soins_bio_bebes_enfants-3-2000x2960.jpg\" class=\"attachment-hero size-hero\" alt=\"Marelle soins bio pour b\u00e9b\u00e9s et enfants\" decoding=\"async\" srcset=\"https:\/\/www.marelle-bio.com\/wp-content\/uploads\/2026\/01\/marelle_soins_bio_bebes_enfants-3-2000x2960.jpg 2000w, https:\/\/www.marelle-bio.com\/wp-content\/uploads\/2026\/01\/marelle_soins_bio_bebes_enfants-3-541x800.jpg 541w, https:\/\/www.marelle-bio.com\/wp-content\/uploads\/2026\/01\/marelle_soins_bio_bebes_enfants-3-692x1024.jpg 692w, https:\/\/www.marelle-bio.com\/wp-content\/uploads\/2026\/01\/marelle_soins_bio_bebes_enfants-3-768x1137.jpg 768w, https:\/\/www.marelle-bio.com\/wp-content\/uploads\/2026\/01\/marelle_soins_bio_bebes_enfants-3-1038x1536.jpg 1038w, https:\/\/www.marelle-bio.com\/wp-content\/uploads\/2026\/01\/marelle_soins_bio_bebes_enfants-3-scaled.jpg 1384w, https:\/\/www.marelle-bio.com\/wp-content\/uploads\/2026\/01\/marelle_soins_bio_bebes_enfants-3-300x444.jpg 300w, https:\/\/www.marelle-bio.com\/wp-content\/uploads\/2026\/01\/marelle_soins_bio_bebes_enfants-3-600x888.jpg 600w\" sizes=\"(max-width: 2000px) 100vw, 2000px\" \/>        <\/figure>\n      <\/div>\n            <div>\n        <figure style=\"background-image:url(https:\/\/www.marelle-bio.com\/wp-content\/uploads\/2025\/07\/marelle_soins_bio_bebes_enfants_5-1-2000x3000.jpg);\">\n          <img loading=\"lazy\" width=\"2000\" height=\"3000\" src=\"https:\/\/www.marelle-bio.com\/wp-content\/uploads\/2025\/07\/marelle_soins_bio_bebes_enfants_5-1-2000x3000.jpg\" class=\"attachment-hero size-hero\" alt=\"Marelle soins bio b\u00e9b\u00e9s et enfants\" decoding=\"async\" srcset=\"https:\/\/www.marelle-bio.com\/wp-content\/uploads\/2025\/07\/marelle_soins_bio_bebes_enfants_5-1-2000x3000.jpg 2000w, https:\/\/www.marelle-bio.com\/wp-content\/uploads\/2025\/07\/marelle_soins_bio_bebes_enfants_5-1-533x800.jpg 533w, https:\/\/www.marelle-bio.com\/wp-content\/uploads\/2025\/07\/marelle_soins_bio_bebes_enfants_5-1-683x1024.jpg 683w, https:\/\/www.marelle-bio.com\/wp-content\/uploads\/2025\/07\/marelle_soins_bio_bebes_enfants_5-1-768x1152.jpg 768w, https:\/\/www.marelle-bio.com\/wp-content\/uploads\/2025\/07\/marelle_soins_bio_bebes_enfants_5-1-1024x1536.jpg 1024w, https:\/\/www.marelle-bio.com\/wp-content\/uploads\/2025\/07\/marelle_soins_bio_bebes_enfants_5-1-scaled.jpg 1365w, https:\/\/www.marelle-bio.com\/wp-content\/uploads\/2025\/07\/marelle_soins_bio_bebes_enfants_5-1-300x450.jpg 300w, https:\/\/www.marelle-bio.com\/wp-content\/uploads\/2025\/07\/marelle_soins_bio_bebes_enfants_5-1-600x900.jpg 600w\" sizes=\"(max-width: 2000px) 100vw, 2000px\" \/>        <\/figure>\n      <\/div>\n            <div>\n        <figure style=\"background-image:url(https:\/\/www.marelle-bio.com\/wp-content\/uploads\/2024\/11\/marelle-soins-bio-pour-bebes-et-enfants-creme-hydratante-delicate-2.jpg);\">\n          <img loading=\"lazy\" width=\"1000\" height=\"1300\" src=\"https:\/\/www.marelle-bio.com\/wp-content\/uploads\/2024\/11\/marelle-soins-bio-pour-bebes-et-enfants-creme-hydratante-delicate-2.jpg\" class=\"attachment-hero size-hero\" alt=\"Marelle soins bio pour b\u00e9b\u00e9s et enfants\" decoding=\"async\" srcset=\"https:\/\/www.marelle-bio.com\/wp-content\/uploads\/2024\/11\/marelle-soins-bio-pour-bebes-et-enfants-creme-hydratante-delicate-2.jpg 1000w, https:\/\/www.marelle-bio.com\/wp-content\/uploads\/2024\/11\/marelle-soins-bio-pour-bebes-et-enfants-creme-hydratante-delicate-2-600x780.jpg 600w, https:\/\/www.marelle-bio.com\/wp-content\/uploads\/2024\/11\/marelle-soins-bio-pour-bebes-et-enfants-creme-hydratante-delicate-2-615x800.jpg 615w, https:\/\/www.marelle-bio.com\/wp-content\/uploads\/2024\/11\/marelle-soins-bio-pour-bebes-et-enfants-creme-hydratante-delicate-2-788x1024.jpg 788w, https:\/\/www.marelle-bio.com\/wp-content\/uploads\/2024\/11\/marelle-soins-bio-pour-bebes-et-enfants-creme-hydratante-delicate-2-768x998.jpg 768w, https:\/\/www.marelle-bio.com\/wp-content\/uploads\/2024\/11\/marelle-soins-bio-pour-bebes-et-enfants-creme-hydratante-delicate-2-300x390.jpg 300w\" sizes=\"(max-width: 1000px) 100vw, 1000px\" \/>        <\/figure>\n      <\/div>\n            <div>\n        <figure style=\"background-image:url(https:\/\/www.marelle-bio.com\/wp-content\/uploads\/2023\/03\/Marelle-lifestyle-huile-seche-2-2000x3000.jpg);\">\n          <img loading=\"lazy\" width=\"2000\" height=\"3000\" src=\"https:\/\/www.marelle-bio.com\/wp-content\/uploads\/2023\/03\/Marelle-lifestyle-huile-seche-2-2000x3000.jpg\" class=\"attachment-hero size-hero\" alt=\"Marelle soins bio b\u00e9b\u00e9s et enfant huile s\u00e8che\" decoding=\"async\" srcset=\"https:\/\/www.marelle-bio.com\/wp-content\/uploads\/2023\/03\/Marelle-lifestyle-huile-seche-2-2000x3000.jpg 2000w, https:\/\/www.marelle-bio.com\/wp-content\/uploads\/2023\/03\/Marelle-lifestyle-huile-seche-2-600x900.jpg 600w, https:\/\/www.marelle-bio.com\/wp-content\/uploads\/2023\/03\/Marelle-lifestyle-huile-seche-2-533x800.jpg 533w, https:\/\/www.marelle-bio.com\/wp-content\/uploads\/2023\/03\/Marelle-lifestyle-huile-seche-2-683x1024.jpg 683w, https:\/\/www.marelle-bio.com\/wp-content\/uploads\/2023\/03\/Marelle-lifestyle-huile-seche-2-768x1152.jpg 768w, https:\/\/www.marelle-bio.com\/wp-content\/uploads\/2023\/03\/Marelle-lifestyle-huile-seche-2-1024x1536.jpg 1024w, https:\/\/www.marelle-bio.com\/wp-content\/uploads\/2023\/03\/Marelle-lifestyle-huile-seche-2-scaled.jpg 1365w, https:\/\/www.marelle-bio.com\/wp-content\/uploads\/2023\/03\/Marelle-lifestyle-huile-seche-2-300x450.jpg 300w\" sizes=\"(max-width: 2000px) 100vw, 2000px\" \/>        <\/figure>\n      <\/div>\n        <\/div>\n  <div class=\"intro\">\n    <div class=\"arrow arrow-down arrow-white\">\n      <svg xmlns=\"http:\/\/www.w3.org\/2000\/svg\" viewBox=\"0 0 14.31 7.5\"><title>arrow<\/title><g id=\"Calque_2\" data-name=\"Calque 2\"><g id=\"Calque_1-2\" data-name=\"Calque 1\"><polygon points=\"10.53 0 9.83 0.71 12.4 3.25 0 3.25 0 4.25 12.37 4.25 9.83 6.79 10.54 7.5 14.31 3.73 10.53 0\"\/><\/g><\/g><\/svg>    <\/div>\n    <h1>\n      Hochwertige Hautpflegeprodukte f\u00fcr Babys und Kinder, <br \/>\r\nbiozertifiziert und in der Schweiz hergestellt    <\/h1>\n  <\/div>\n  <div class=\"overlay\"><\/div>\n<\/section>\n\n\n<section id=\"catalog\" class=\"wrap slider\">\n\n  <p>Marelle wurde von einer Mutter gegr\u00fcndet und bietet eine Reihe von Pflegeprodukten f\u00fcr Babys und Kinder, die von der Sch\u00f6nheit und Reinheit der Schweizer Natur inspiriert sind.<br \/>\r\n<br \/>\r\nDie Produkte von Marelle sind bio-zertifiziert und werden in einem renommierten Labor mit Blick auf den Genfer See aus nat\u00fcrlichen Inhaltsstoffen hergestellt. <br \/>\r\n<br \/>\r\nSpeziell f\u00fcr die Kleinen entwickelt, sind die Texturen und D\u00fcfte sanft und allergenfrei. Die Formeln respektieren auch die empfindlichste Haut und k\u00f6nnen ab der Geburt verwendet werden.<\/p>\n\n  <div id=\"carousel\">\n    <div class=\"slide\">\n\n      <style>\n            :root { --nb-products: 0; }\n            <\/style>\n    <\/div>\n  <\/div>\n<\/section>\n\n\n<section class=\"featured wrap white-green\">\n\n  <div class=\"featured-img\">\n    <img loading=\"lazy\" width=\"800\" height=\"800\" src=\"https:\/\/www.marelle-bio.com\/wp-content\/uploads\/2025\/11\/coffret-joli-nous-x-marelle-1-800x800.jpeg\" class=\"attachment-medium size-medium\" alt=\"Le coffret Joli Nous x Marelle\" decoding=\"async\" srcset=\"https:\/\/www.marelle-bio.com\/wp-content\/uploads\/2025\/11\/coffret-joli-nous-x-marelle-1-800x800.jpeg 800w, https:\/\/www.marelle-bio.com\/wp-content\/uploads\/2025\/11\/coffret-joli-nous-x-marelle-1-1024x1024.jpeg 1024w, https:\/\/www.marelle-bio.com\/wp-content\/uploads\/2025\/11\/coffret-joli-nous-x-marelle-1-150x150.jpeg 150w, https:\/\/www.marelle-bio.com\/wp-content\/uploads\/2025\/11\/coffret-joli-nous-x-marelle-1-768x768.jpeg 768w, https:\/\/www.marelle-bio.com\/wp-content\/uploads\/2025\/11\/coffret-joli-nous-x-marelle-1-1536x1536.jpeg 1536w, https:\/\/www.marelle-bio.com\/wp-content\/uploads\/2025\/11\/coffret-joli-nous-x-marelle-1-scaled.jpeg 2048w, https:\/\/www.marelle-bio.com\/wp-content\/uploads\/2025\/11\/coffret-joli-nous-x-marelle-1-2000x2000.jpeg 2000w, https:\/\/www.marelle-bio.com\/wp-content\/uploads\/2025\/11\/coffret-joli-nous-x-marelle-1-300x300.jpeg 300w, https:\/\/www.marelle-bio.com\/wp-content\/uploads\/2025\/11\/coffret-joli-nous-x-marelle-1-900x900.jpeg 900w, https:\/\/www.marelle-bio.com\/wp-content\/uploads\/2025\/11\/coffret-joli-nous-x-marelle-1-248x248.jpeg 248w, https:\/\/www.marelle-bio.com\/wp-content\/uploads\/2025\/11\/coffret-joli-nous-x-marelle-1-600x600.jpeg 600w, https:\/\/www.marelle-bio.com\/wp-content\/uploads\/2025\/11\/coffret-joli-nous-x-marelle-1-100x100.jpeg 100w\" sizes=\"(max-width: 800px) 100vw, 800px\" \/>  <\/div>\n\n  <div class=\"featured-content\">\n\n    <h2>\n      Die Geschenkbox von Joli Nous x Marelle    <\/h2>\n\n    <p class=\"left\">\n      Entdecken Sie unsere neue Zusammenarbeit mit der Schweizer Marke Joli Nous!<br \/>\r\n<br \/>\r\nEine wundersch\u00f6ne Geschenkbox mit zwei unverzichtbaren Produkten f\u00fcr die Kleinen: einer ultraweichen Joli Nous-Strickdecke aus OEKO-TEX-Baumwolle + einer Marelle Delicate Feuchtigkeitscreme, zertifiziert biologisch und hergestellt in der Schweiz.<br \/>\r\n<br \/>\r\nDas perfekte Geschenk f\u00fcr Eltern und ihr Baby!    <\/p>\n\n    <a href=\"https:\/\/www.marelle-bio.com\/de\/produit\/joli-nous-x-marelle-geschenkbox\/\" title=\"Siehe das neue Geschenkbox\" class=\"arrow\">\n      Siehe das neue Geschenkbox      <svg xmlns=\"http:\/\/www.w3.org\/2000\/svg\" viewBox=\"0 0 14.31 7.5\"><title>arrow<\/title><g id=\"Calque_2\" data-name=\"Calque 2\"><g id=\"Calque_1-2\" data-name=\"Calque 1\"><polygon points=\"10.53 0 9.83 0.71 12.4 3.25 0 3.25 0 4.25 12.37 4.25 9.83 6.79 10.54 7.5 14.31 3.73 10.53 0\"\/><\/g><\/g><\/svg>    <\/a>\n\n  <\/div>\n<\/section>\n\n\n<section id=\"usps\" class=\"green\">\n\n  \n    <div class=\"usp\">\n\n      <div class=\"usp-content\">\n        <img decoding=\"async\" src=\"https:\/\/www.marelle-bio.com\/wp-content\/uploads\/2019\/09\/cosmos-white.png\" \/>        <h2>\u00f6kologisch und verantwortungsbewusst<\/h2>\n        <p>Cosmos Organic: die anspruchsvollste europ\u00e4ische Zertifizierung in Bezug auf Biokosmetik.<\/p>      <\/div>\n\n              <a href=\"https:\/\/www.marelle-bio.com\/de\/marelle-organisch-und-verantwortlich\/\" alt=\"Acc\u00e8s \u00e0 la page \u00e0 propos de \u00f6kologisch und verantwortungsbewusst\" class=\"arrow arrow-white\">\n          Mehr lesen<svg xmlns=\"http:\/\/www.w3.org\/2000\/svg\" viewBox=\"0 0 14.31 7.5\"><title>arrow<\/title><g id=\"Calque_2\" data-name=\"Calque 2\"><g id=\"Calque_1-2\" data-name=\"Calque 1\"><polygon points=\"10.53 0 9.83 0.71 12.4 3.25 0 3.25 0 4.25 12.37 4.25 9.83 6.79 10.54 7.5 14.31 3.73 10.53 0\"\/><\/g><\/g><\/svg>        <\/a>\n        \n    <\/div>\n\n    \n    <div class=\"usp\">\n\n      <div class=\"usp-content\">\n        <?xml version=\"1.0\" encoding=\"utf-8\"?>\n<!-- Generator: Adobe Illustrator 21.0.2, SVG Export Plug-In . SVG Version: 6.00 Build 0)  -->\n<svg version=\"1.1\" id=\"Calque_1\" xmlns=\"http:\/\/www.w3.org\/2000\/svg\" xmlns:xlink=\"http:\/\/www.w3.org\/1999\/xlink\" x=\"0px\" y=\"0px\"\n\t viewBox=\"0 0 82 82\" style=\"enable-background:new 0 0 82 82;\" xml:space=\"preserve\">\n<path d=\"M41,82C18.4,82,0,63.6,0,41S18.4,0,41,0s41,18.4,41,41S63.6,82,41,82z M41,2C19.5,2,2,19.5,2,41c0,21.5,17.5,39,39,39\n\ts39-17.5,39-39c0-10.3-4.1-20.3-11.4-27.6C61.3,6.1,51.3,2,41,2z\"\/>\n<path id=\"Fill-1\" d=\"M26.6,56.4L26.6,56.4c-0.3,0.3-0.8,0.3-1.1,0l0,0c-0.3-0.3-0.3-0.8,0-1.2c0,0,0,0,0,0l6.2-6.3l0,0V41\n\tc0-0.5,0.4-0.8,0.8-0.8c0.5,0,0.8,0.4,0.8,0.8v6.2l4.9-4.9V37c0-0.5,0.4-0.8,0.8-0.8c0.5,0,0.8,0.4,0.8,0.8v3.8l0,0l4.9-4.9v-2.2\n\tc0-0.5,0.4-0.8,0.8-0.8s0.8,0.4,0.8,0.8c0,0,0,0,0,0v1.6h1.7c0.5,0,0.8,0.4,0.8,0.8s-0.4,0.8-0.8,0.8c0,0,0,0,0,0H46l-4.9,4.9h3.8\n\tc0.5,0,0.8,0.4,0.8,0.8s-0.4,0.8-0.8,0.8c0,0,0,0,0,0h-5.4l-4.5,4.9h6.2c0.5,0,0.8,0.4,0.8,0.8c0,0.5-0.4,0.8-0.8,0.8h-7.8\n\tL26.6,56.4z M58.6,23.2c-0.2-0.2-0.4-0.3-0.7-0.2c-1.1,0.1-27.7,3.2-33.7,16c-2,4.1-1.5,8.8,1.3,13.9l-1.2,1.2c-1,1-1,2.5,0,3.5\n\ts2.5,1,3.5,0l1.3-1.3c2.6,1.5,5.5,2.4,8.5,2.5c7.2,0,13.2-6.1,17.3-17.6c1.9-5.6,3.3-11.4,4-17.3C58.9,23.7,58.8,23.4,58.6,23.2z\"\/>\n<\/svg>\n        <h2>Die Inhaltsstoffe<\/h2>\n        <p>Speziell auf die zarte Haut von Babys und Kindern abgestimmte Inhaltsstoffe, <br \/>\r\ndie aus dem Herzen der Natur und der Schweiz stammen.<\/p>      <\/div>\n\n              <a href=\"https:\/\/www.marelle-bio.com\/de\/marelle-organic-skin-care-babies-and-children-ingredients\/\" alt=\"Acc\u00e8s \u00e0 la page \u00e0 propos de Die Inhaltsstoffe\" class=\"arrow arrow-white\">\n          Entdecken Sie unsere Produkte<svg xmlns=\"http:\/\/www.w3.org\/2000\/svg\" viewBox=\"0 0 14.31 7.5\"><title>arrow<\/title><g id=\"Calque_2\" data-name=\"Calque 2\"><g id=\"Calque_1-2\" data-name=\"Calque 1\"><polygon points=\"10.53 0 9.83 0.71 12.4 3.25 0 3.25 0 4.25 12.37 4.25 9.83 6.79 10.54 7.5 14.31 3.73 10.53 0\"\/><\/g><\/g><\/svg>        <\/a>\n        \n    <\/div>\n\n    \n    <div class=\"usp\">\n\n      <div class=\"usp-content\">\n        <?xml version=\"1.0\" encoding=\"utf-8\"?>\n<!-- Generator: Adobe Illustrator 21.0.2, SVG Export Plug-In . SVG Version: 6.00 Build 0)  -->\n<svg version=\"1.1\" id=\"Calque_1\" xmlns=\"http:\/\/www.w3.org\/2000\/svg\" xmlns:xlink=\"http:\/\/www.w3.org\/1999\/xlink\" x=\"0px\" y=\"0px\"\n\t viewBox=\"0 0 82 82\" style=\"enable-background:new 0 0 82 82;\" xml:space=\"preserve\">\n<path d=\"M41,82C18.4,82,0,63.6,0,41S18.4,0,41,0l0,0c22.6,0,41,18.4,41,41S63.6,82,41,82z M41,2C19.5,2,2,19.5,2,41s17.5,39,39,39\n\tl0,0c21.5,0,39-17.5,39-39S62.5,2,41,2z\"\/>\n<polygon id=\"Path\" points=\"61,47.7 47.7,47.7 47.7,61 34.3,61 34.3,47.7 21,47.7 21,34.3 34.3,34.3 34.3,21 47.7,21 47.7,34.3 \n\t61,34.3 \"\/>\n<\/svg>\n        <h2>Hergestellt in der Schweiz<\/h2>\n        <p>Die Produkte werden in einem Schweizer Labor hergestellt, das als Kompetenzzentrum f\u00fcr Biokosmetik anerkannt ist.<\/p>      <\/div>\n\n              <a href=\"https:\/\/www.marelle-bio.com\/de\/swiss-made\/\" alt=\"Acc\u00e8s \u00e0 la page \u00e0 propos de Hergestellt in der Schweiz\" class=\"arrow arrow-white\">\n          Verstehen auf welche Weise<svg xmlns=\"http:\/\/www.w3.org\/2000\/svg\" viewBox=\"0 0 14.31 7.5\"><title>arrow<\/title><g id=\"Calque_2\" data-name=\"Calque 2\"><g id=\"Calque_1-2\" data-name=\"Calque 1\"><polygon points=\"10.53 0 9.83 0.71 12.4 3.25 0 3.25 0 4.25 12.37 4.25 9.83 6.79 10.54 7.5 14.31 3.73 10.53 0\"\/><\/g><\/g><\/svg>        <\/a>\n        \n    <\/div>\n\n    \n    <div class=\"usp\">\n\n      <div class=\"usp-content\">\n        <?xml version=\"1.0\" encoding=\"utf-8\"?>\n<!-- Generator: Adobe Illustrator 21.0.2, SVG Export Plug-In . SVG Version: 6.00 Build 0)  -->\n<svg version=\"1.1\" id=\"Calque_1\" xmlns=\"http:\/\/www.w3.org\/2000\/svg\" xmlns:xlink=\"http:\/\/www.w3.org\/1999\/xlink\" x=\"0px\" y=\"0px\"\n\t viewBox=\"0 0 82 82\" style=\"enable-background:new 0 0 82 82;\" xml:space=\"preserve\">\n<path d=\"M50.2,25c-3.7,0.1-7.1,1.9-9.2,5c-2.1-3.1-5.6-4.9-9.3-5c-3.3,0.1-6.3,1.6-8.5,4c-2.2,2.4-3.3,5.5-3.2,8.8\n\tc0,10.7,16.1,23.3,19.4,25.7c0.9,0.7,2.2,0.7,3.2,0C43,63.1,62,49.4,62,37.8c0.1-3.2-1-6.4-3.2-8.8C56.6,26.6,53.5,25.1,50.2,25z\"\/>\n<path d=\"M70,12C54-4,28-4,12,12s-16,42,0,58s42,16,58,0c7.7-7.7,12-18.1,12-29C82,30.1,77.7,19.7,70,12z M41,80C19.5,80,2,62.5,2,41\n\tS19.5,2,41,2s39,17.5,39,39S62.5,80,41,80z\"\/>\n<\/svg>\n        <h2>Die Geschichte<\/h2>\n        <p>Eine Geschichte mit einer menschlichen Dimension: eine Produktpalette, die <br \/>\r\nvon einer Mutter von 3 Kindern ausgedacht wurde. <\/p>      <\/div>\n\n              <a href=\"https:\/\/www.marelle-bio.com\/de\/marke\/\" alt=\"Acc\u00e8s \u00e0 la page \u00e0 propos de Die Geschichte\" class=\"arrow arrow-white\">\n          Lesen Sie unsere Geschichte<svg xmlns=\"http:\/\/www.w3.org\/2000\/svg\" viewBox=\"0 0 14.31 7.5\"><title>arrow<\/title><g id=\"Calque_2\" data-name=\"Calque 2\"><g id=\"Calque_1-2\" data-name=\"Calque 1\"><polygon points=\"10.53 0 9.83 0.71 12.4 3.25 0 3.25 0 4.25 12.37 4.25 9.83 6.79 10.54 7.5 14.31 3.73 10.53 0\"\/><\/g><\/g><\/svg>        <\/a>\n        \n    <\/div>\n\n    \n<\/section>\n","protected":false},"excerpt":{"rendered":"","protected":false},"author":9,"featured_media":0,"parent":0,"menu_order":0,"comment_status":"closed","ping_status":"closed","template":"","meta":{"footnotes":""},"acf":[],"yoast_head":"<!-- This site is optimized with the Yoast SEO plugin v21.2 - https:\/\/yoast.com\/wordpress\/plugins\/seo\/ -->\n<title>Startseite &#8226; Marelle<\/title>\n<meta name=\"description\" content=\"Marelle bietet eine Reihe von sanften Pflegeprodukten f\u00fcr Babys und Kinder an, die bio-zertifiziert sind und in der Schweiz hergestellt\" \/>\n<meta name=\"robots\" content=\"index, follow, max-snippet:-1, max-image-preview:large, max-video-preview:-1\" \/>\n<link rel=\"canonical\" href=\"https:\/\/www.marelle-bio.com\/de\/\" \/>\n<meta property=\"og:locale\" content=\"de_DE\" \/>\n<meta property=\"og:type\" content=\"article\" \/>\n<meta property=\"og:title\" content=\"Startseite &#8226; Marelle\" \/>\n<meta property=\"og:description\" content=\"Marelle bietet eine Reihe von sanften Pflegeprodukten f\u00fcr Babys und Kinder an, die bio-zertifiziert sind und in der Schweiz hergestellt\" \/>\n<meta property=\"og:url\" content=\"https:\/\/www.marelle-bio.com\/de\/\" \/>\n<meta property=\"og:site_name\" content=\"Marelle\" \/>\n<meta property=\"article:publisher\" content=\"https:\/\/www.facebook.com\/marellebio\/\" \/>\n<meta property=\"article:modified_time\" content=\"2026-01-29T10:10:12+00:00\" \/>\n<meta property=\"og:image\" content=\"https:\/\/www.marelle-bio.com\/wp-content\/uploads\/2022\/09\/Marelle-soins-bio-pour-bebes-et-enfants-11-1024x683.jpg\" \/>\n\t<meta property=\"og:image:width\" content=\"1024\" \/>\n\t<meta property=\"og:image:height\" content=\"683\" \/>\n\t<meta property=\"og:image:type\" content=\"image\/jpeg\" \/>\n<meta name=\"twitter:card\" content=\"summary_large_image\" \/>\n<script type=\"application\/ld+json\" class=\"yoast-schema-graph\">{\"@context\":\"https:\/\/schema.org\",\"@graph\":[{\"@type\":\"WebPage\",\"@id\":\"https:\/\/www.marelle-bio.com\/de\/\",\"url\":\"https:\/\/www.marelle-bio.com\/de\/\",\"name\":\"Startseite &#8226; Marelle\",\"isPartOf\":{\"@id\":\"https:\/\/www.marelle-bio.com\/fr\/#website\"},\"datePublished\":\"2023-03-28T10:00:43+00:00\",\"dateModified\":\"2026-01-29T10:10:12+00:00\",\"description\":\"Marelle bietet eine Reihe von sanften Pflegeprodukten f\u00fcr Babys und Kinder an, die bio-zertifiziert sind und in der Schweiz hergestellt\",\"breadcrumb\":{\"@id\":\"https:\/\/www.marelle-bio.com\/de\/#breadcrumb\"},\"inLanguage\":\"de\",\"potentialAction\":[{\"@type\":\"ReadAction\",\"target\":[\"https:\/\/www.marelle-bio.com\/de\/\"]}]},{\"@type\":\"BreadcrumbList\",\"@id\":\"https:\/\/www.marelle-bio.com\/de\/#breadcrumb\",\"itemListElement\":[{\"@type\":\"ListItem\",\"position\":1,\"name\":\"Accueil\",\"item\":\"https:\/\/www.marelle-bio.com\/de\/\"},{\"@type\":\"ListItem\",\"position\":2,\"name\":\"Startseite\"}]},{\"@type\":\"WebSite\",\"@id\":\"https:\/\/www.marelle-bio.com\/fr\/#website\",\"url\":\"https:\/\/www.marelle-bio.com\/fr\/\",\"name\":\"Marelle\",\"description\":\"Soins bio pour b\u00e9b\u00e9s et enfants\",\"publisher\":{\"@id\":\"https:\/\/www.marelle-bio.com\/fr\/#organization\"},\"potentialAction\":[{\"@type\":\"SearchAction\",\"target\":{\"@type\":\"EntryPoint\",\"urlTemplate\":\"https:\/\/www.marelle-bio.com\/fr\/?s={search_term_string}\"},\"query-input\":\"required name=search_term_string\"}],\"inLanguage\":\"de\"},{\"@type\":\"Organization\",\"@id\":\"https:\/\/www.marelle-bio.com\/fr\/#organization\",\"name\":\"Marelle\",\"url\":\"https:\/\/www.marelle-bio.com\/fr\/\",\"logo\":{\"@type\":\"ImageObject\",\"inLanguage\":\"de\",\"@id\":\"https:\/\/www.marelle-bio.com\/fr\/#\/schema\/logo\/image\/\",\"url\":\"https:\/\/www.marelle-bio.com\/wp-content\/uploads\/2019\/10\/logo.png\",\"contentUrl\":\"https:\/\/www.marelle-bio.com\/wp-content\/uploads\/2019\/10\/logo.png\",\"width\":608,\"height\":295,\"caption\":\"Marelle\"},\"image\":{\"@id\":\"https:\/\/www.marelle-bio.com\/fr\/#\/schema\/logo\/image\/\"},\"sameAs\":[\"https:\/\/www.facebook.com\/marellebio\/\",\"https:\/\/www.instagram.com\/marelle_bio\/\"]}]}<\/script>\n<!-- \/ Yoast SEO plugin. -->","yoast_head_json":{"title":"Startseite &#8226; Marelle","description":"Marelle bietet eine Reihe von sanften Pflegeprodukten f\u00fcr Babys und Kinder an, die bio-zertifiziert sind und in der Schweiz hergestellt","robots":{"index":"index","follow":"follow","max-snippet":"max-snippet:-1","max-image-preview":"max-image-preview:large","max-video-preview":"max-video-preview:-1"},"canonical":"https:\/\/www.marelle-bio.com\/de\/","og_locale":"de_DE","og_type":"article","og_title":"Startseite &#8226; Marelle","og_description":"Marelle bietet eine Reihe von sanften Pflegeprodukten f\u00fcr Babys und Kinder an, die bio-zertifiziert sind und in der Schweiz hergestellt","og_url":"https:\/\/www.marelle-bio.com\/de\/","og_site_name":"Marelle","article_publisher":"https:\/\/www.facebook.com\/marellebio\/","article_modified_time":"2026-01-29T10:10:12+00:00","og_image":[{"width":1024,"height":683,"url":"https:\/\/www.marelle-bio.com\/wp-content\/uploads\/2022\/09\/Marelle-soins-bio-pour-bebes-et-enfants-11-1024x683.jpg","type":"image\/jpeg"}],"twitter_card":"summary_large_image","schema":{"@context":"https:\/\/schema.org","@graph":[{"@type":"WebPage","@id":"https:\/\/www.marelle-bio.com\/de\/","url":"https:\/\/www.marelle-bio.com\/de\/","name":"Startseite &#8226; Marelle","isPartOf":{"@id":"https:\/\/www.marelle-bio.com\/fr\/#website"},"datePublished":"2023-03-28T10:00:43+00:00","dateModified":"2026-01-29T10:10:12+00:00","description":"Marelle bietet eine Reihe von sanften Pflegeprodukten f\u00fcr Babys und Kinder an, die bio-zertifiziert sind und in der Schweiz hergestellt","breadcrumb":{"@id":"https:\/\/www.marelle-bio.com\/de\/#breadcrumb"},"inLanguage":"de","potentialAction":[{"@type":"ReadAction","target":["https:\/\/www.marelle-bio.com\/de\/"]}]},{"@type":"BreadcrumbList","@id":"https:\/\/www.marelle-bio.com\/de\/#breadcrumb","itemListElement":[{"@type":"ListItem","position":1,"name":"Accueil","item":"https:\/\/www.marelle-bio.com\/de\/"},{"@type":"ListItem","position":2,"name":"Startseite"}]},{"@type":"WebSite","@id":"https:\/\/www.marelle-bio.com\/fr\/#website","url":"https:\/\/www.marelle-bio.com\/fr\/","name":"Marelle","description":"Soins bio pour b\u00e9b\u00e9s et enfants","publisher":{"@id":"https:\/\/www.marelle-bio.com\/fr\/#organization"},"potentialAction":[{"@type":"SearchAction","target":{"@type":"EntryPoint","urlTemplate":"https:\/\/www.marelle-bio.com\/fr\/?s={search_term_string}"},"query-input":"required name=search_term_string"}],"inLanguage":"de"},{"@type":"Organization","@id":"https:\/\/www.marelle-bio.com\/fr\/#organization","name":"Marelle","url":"https:\/\/www.marelle-bio.com\/fr\/","logo":{"@type":"ImageObject","inLanguage":"de","@id":"https:\/\/www.marelle-bio.com\/fr\/#\/schema\/logo\/image\/","url":"https:\/\/www.marelle-bio.com\/wp-content\/uploads\/2019\/10\/logo.png","contentUrl":"https:\/\/www.marelle-bio.com\/wp-content\/uploads\/2019\/10\/logo.png","width":608,"height":295,"caption":"Marelle"},"image":{"@id":"https:\/\/www.marelle-bio.com\/fr\/#\/schema\/logo\/image\/"},"sameAs":["https:\/\/www.facebook.com\/marellebio\/","https:\/\/www.instagram.com\/marelle_bio\/"]}]}},"_links":{"self":[{"href":"https:\/\/www.marelle-bio.com\/de\/wp-json\/wp\/v2\/pages\/66956"}],"collection":[{"href":"https:\/\/www.marelle-bio.com\/de\/wp-json\/wp\/v2\/pages"}],"about":[{"href":"https:\/\/www.marelle-bio.com\/de\/wp-json\/wp\/v2\/types\/page"}],"author":[{"embeddable":true,"href":"https:\/\/www.marelle-bio.com\/de\/wp-json\/wp\/v2\/users\/9"}],"replies":[{"embeddable":true,"href":"https:\/\/www.marelle-bio.com\/de\/wp-json\/wp\/v2\/comments?post=66956"}],"version-history":[{"count":100,"href":"https:\/\/www.marelle-bio.com\/de\/wp-json\/wp\/v2\/pages\/66956\/revisions"}],"predecessor-version":[{"id":84709,"href":"https:\/\/www.marelle-bio.com\/de\/wp-json\/wp\/v2\/pages\/66956\/revisions\/84709"}],"wp:attachment":[{"href":"https:\/\/www.marelle-bio.com\/de\/wp-json\/wp\/v2\/media?parent=66956"}],"curies":[{"name":"wp","href":"https:\/\/api.w.org\/{rel}","templated":true}]}}